{"id":1749,"date":"2016-10-17T09:03:26","date_gmt":"2016-10-17T07:03:26","guid":{"rendered":"https:\/\/kuren.ch\/web\/wissenswertes\/katalog-bestellen\/"},"modified":"2026-01-04T14:50:24","modified_gmt":"2026-01-04T13:50:24","slug":"catalogue","status":"publish","type":"page","link":"https:\/\/www.kuren.ch\/fr\/service\/catalogue\/","title":{"rendered":"Commander le catalogue"},"content":{"rendered":"\t\t<div data-elementor-type=\"wp-page\" data-elementor-id=\"1749\" class=\"elementor elementor-1749 elementor-22\" data-elementor-post-type=\"page\">\n\t\t\t\t<div class=\"elementor-element elementor-element-d27498b e-con-full e-flex e-con e-parent\" data-id=\"d27498b\" data-element_type=\"container\" data-e-type=\"container\">\n\t\t<div class=\"elementor-element elementor-element-9b792b8 e-con-full e-flex e-con e-child\" data-id=\"9b792b8\" data-element_type=\"container\" data-e-type=\"container\">\n\t\t\t\t<div class=\"elementor-element elementor-element-b5ea049 elementor-widget elementor-widget-image\" data-id=\"b5ea049\" data-element_type=\"widget\" data-e-type=\"widget\" data-widget_type=\"image.default\">\n\t\t\t\t<div class=\"elementor-widget-container\">\n\t\t\t\t\t\t\t\t\t\t\t\t\t\t\t<img fetchpriority=\"high\" decoding=\"async\" width=\"1648\" height=\"1084\" src=\"https:\/\/www.kuren.ch\/wp-content\/uploads\/2025\/11\/05-e1762858273742.jpg\" class=\"attachment-full size-full wp-image-28617\" alt=\"\" srcset=\"https:\/\/www.kuren.ch\/wp-content\/uploads\/2025\/11\/05-e1762858273742.jpg 1648w, https:\/\/www.kuren.ch\/wp-content\/uploads\/2025\/11\/05-e1762858273742-300x197.jpg 300w, https:\/\/www.kuren.ch\/wp-content\/uploads\/2025\/11\/05-e1762858273742-1024x674.jpg 1024w, https:\/\/www.kuren.ch\/wp-content\/uploads\/2025\/11\/05-e1762858273742-768x505.jpg 768w, https:\/\/www.kuren.ch\/wp-content\/uploads\/2025\/11\/05-e1762858273742-1536x1010.jpg 1536w, https:\/\/www.kuren.ch\/wp-content\/uploads\/2025\/11\/05-e1762858273742-1320x868.jpg 1320w\" sizes=\"(max-width: 1648px) 100vw, 1648px\" \/>\t\t\t\t\t\t\t\t\t\t\t\t\t\t\t<\/div>\n\t\t\t\t<\/div>\n\t\t\t\t<div class=\"elementor-element elementor-element-3ba862b elementor-widget elementor-widget-spacer\" data-id=\"3ba862b\" data-element_type=\"widget\" data-e-type=\"widget\" data-widget_type=\"spacer.default\">\n\t\t\t\t<div class=\"elementor-widget-container\">\n\t\t\t\t\t\t\t<div class=\"elementor-spacer\">\n\t\t\t<div class=\"elementor-spacer-inner\"><\/div>\n\t\t<\/div>\n\t\t\t\t\t\t<\/div>\n\t\t\t\t<\/div>\n\t\t\t\t<div class=\"elementor-element elementor-element-2232323 small-content elementor-widget__width-initial elementor-widget elementor-widget-text-editor\" data-id=\"2232323\" data-element_type=\"widget\" data-e-type=\"widget\" data-widget_type=\"text-editor.default\">\n\t\t\t\t<div class=\"elementor-widget-container\">\n\t\t\t\t\t\t\t\t\t<figure><\/figure>\n<p>Commandez notre catalogue &#8211; ou choisissez la version sans papier.<\/p>\n<p>Nous n&#8217;envoyons qu&#8217;un seul exemplaire \u00e0 l&#8217;\u00e9tranger. Merci de votre compr\u00e9hension.<\/p>\n<p>Vous pouvez \u00e9galement t\u00e9l\u00e9charger les catalogues :<\/p><p><br><\/p><p>&nbsp;<\/p><p><a href=\"https:\/\/www.kuren.ch\/de\/download\/katalog-2026\/?wpdmdl=28713&amp;masterkey=t4-KMavEM-dH04PkaZ8GXTRNX-qZUgunN4847aL7AvEwo-NM9teg9VWP1cC-M_N7EFxPdtqqmpjBLNSVywj9oyIMDn1BPBIPeckOhGgUZvE\">Catalogue 2026 (de)&nbsp;<\/a><\/p><p><br><\/p><p><a href=\"https:\/\/www.kuren.ch\/de\/download\/catalogue-2026\/?wpdmdl=28712&amp;masterkey=W0GMCfVywa3mlMWLZsuxXy9jH1uEa7VIQTVfEIpOTfH_Yaiv8YgMYQ7lAYDJ0eK6sE3jYiMDvhRvrxWpZDJUOc22IWtEIaRvAnwbsjJU0xo\">Catalogue 2026 (fr)&nbsp;<\/a><\/p><p>&nbsp;<\/p>\t\t\t\t\t\t\t\t<\/div>\n\t\t\t\t<\/div>\n\t\t\t\t<\/div>\n\t\t<div class=\"elementor-element elementor-element-826a59b e-con-full e-flex e-con e-child\" data-id=\"826a59b\" data-element_type=\"container\" data-e-type=\"container\">\n\t\t\t\t<div class=\"elementor-element elementor-element-193c249 elementor-widget elementor-widget-heading\" data-id=\"193c249\" data-element_type=\"widget\" data-e-type=\"widget\" data-widget_type=\"heading.default\">\n\t\t\t\t<div class=\"elementor-widget-container\">\n\t\t\t\t\t<h2 class=\"elementor-heading-title elementor-size-default\">Vos coordonn\u00e9es<\/h2>\t\t\t\t<\/div>\n\t\t\t\t<\/div>\n\t\t\t\t<div class=\"elementor-element elementor-element-36a377b elementor-button-align-stretch elementor-widget elementor-widget-form\" data-id=\"36a377b\" data-element_type=\"widget\" data-e-type=\"widget\" data-settings=\"{&quot;step_next_label&quot;:&quot;Suivant&quot;,&quot;step_previous_label&quot;:&quot;Previous&quot;,&quot;button_width&quot;:&quot;100&quot;,&quot;step_type&quot;:&quot;number_text&quot;,&quot;step_icon_shape&quot;:&quot;circle&quot;}\" data-widget_type=\"form.default\">\n\t\t\t\t<div class=\"elementor-widget-container\">\n\t\t\t\t\t\t\t<form class=\"elementor-form\" method=\"post\" name=\"Commande de catalogue\" aria-label=\"Commande de catalogue\" novalidate=\"\">\n\t\t\t<input type=\"hidden\" name=\"post_id\" value=\"1749\"\/>\n\t\t\t<input type=\"hidden\" name=\"form_id\" value=\"36a377b\"\/>\n\t\t\t<input type=\"hidden\" name=\"referer_title\" value=\"Heilb\u00e4der und Kurh\u00e4user Schweiz\" \/>\n\n\t\t\t\n\t\t\t<div class=\"elementor-form-fields-wrapper elementor-labels-above\">\n\t\t\t\t\t\t\t\t<div class=\"elementor-field-type-radio elementor-field-group elementor-column elementor-field-group-anrede elementor-col-100 elementor-field-required\">\n\t\t\t\t\t\t\t\t\t\t\t\t<label for=\"form-field-anrede\" class=\"elementor-field-label\">\n\t\t\t\t\t\t\t\tTitre de civilit\u00e9\t\t\t\t\t\t\t<\/label>\n\t\t\t\t\t\t<div class=\"elementor-field-subgroup  elementor-subgroup-inline\"><span class=\"elementor-field-option\"><input type=\"radio\" value=\"M.\" id=\"form-field-anrede-0\" name=\"form_fields[anrede]\" required=\"required\"> <label for=\"form-field-anrede-0\">M.<\/label><\/span><span class=\"elementor-field-option\"><input type=\"radio\" value=\"Mme\" id=\"form-field-anrede-1\" name=\"form_fields[anrede]\" required=\"required\"> <label for=\"form-field-anrede-1\">Mme<\/label><\/span><span class=\"elementor-field-option\"><input type=\"radio\" value=\"Soci\u00e9t\u00e9\" id=\"form-field-anrede-2\" name=\"form_fields[anrede]\" required=\"required\"> <label for=\"form-field-anrede-2\">Soci\u00e9t\u00e9<\/label><\/span><\/div>\t\t\t\t<\/div>\n\t\t\t\t\t\t\t\t<div class=\"elementor-field-type-text elementor-field-group elementor-column elementor-field-group-vorname elementor-col-50 elementor-field-required\">\n\t\t\t\t\t\t\t\t\t\t\t\t<label for=\"form-field-vorname\" class=\"elementor-field-label\">\n\t\t\t\t\t\t\t\tPr\u00e9nom\t\t\t\t\t\t\t<\/label>\n\t\t\t\t\t\t\t\t\t\t\t\t\t\t<input size=\"1\" type=\"text\" name=\"form_fields[vorname]\" id=\"form-field-vorname\" class=\"elementor-field elementor-size-sm  elementor-field-textual\" required=\"required\">\n\t\t\t\t\t\t\t\t\t\t\t<\/div>\n\t\t\t\t\t\t\t\t<div class=\"elementor-field-type-text elementor-field-group elementor-column elementor-field-group-nachname elementor-col-50 elementor-field-required\">\n\t\t\t\t\t\t\t\t\t\t\t\t<label for=\"form-field-nachname\" class=\"elementor-field-label\">\n\t\t\t\t\t\t\t\tNom de famille\t\t\t\t\t\t\t<\/label>\n\t\t\t\t\t\t\t\t\t\t\t\t\t\t<input size=\"1\" type=\"text\" name=\"form_fields[nachname]\" id=\"form-field-nachname\" class=\"elementor-field elementor-size-sm  elementor-field-textual\" required=\"required\">\n\t\t\t\t\t\t\t\t\t\t\t<\/div>\n\t\t\t\t\t\t\t\t<div class=\"elementor-field-type-text elementor-field-group elementor-column elementor-field-group-firma elementor-col-100\">\n\t\t\t\t\t\t\t\t\t\t\t\t<label for=\"form-field-firma\" class=\"elementor-field-label\">\n\t\t\t\t\t\t\t\tSoci\u00e9t\u00e9\t\t\t\t\t\t\t<\/label>\n\t\t\t\t\t\t\t\t\t\t\t\t\t\t<input size=\"1\" type=\"text\" name=\"form_fields[firma]\" id=\"form-field-firma\" class=\"elementor-field elementor-size-sm  elementor-field-textual\">\n\t\t\t\t\t\t\t\t\t\t\t<\/div>\n\t\t\t\t\t\t\t\t<div class=\"elementor-field-type-text elementor-field-group elementor-column elementor-field-group-strasse elementor-col-100 elementor-field-required\">\n\t\t\t\t\t\t\t\t\t\t\t\t<label for=\"form-field-strasse\" class=\"elementor-field-label\">\n\t\t\t\t\t\t\t\tRue et num\u00e9ro\t\t\t\t\t\t\t<\/label>\n\t\t\t\t\t\t\t\t\t\t\t\t\t\t<input size=\"1\" type=\"text\" name=\"form_fields[strasse]\" id=\"form-field-strasse\" class=\"elementor-field elementor-size-sm  elementor-field-textual\" required=\"required\">\n\t\t\t\t\t\t\t\t\t\t\t<\/div>\n\t\t\t\t\t\t\t\t<div class=\"elementor-field-type-text elementor-field-group elementor-column elementor-field-group-postfach elementor-col-100\">\n\t\t\t\t\t\t\t\t\t\t\t\t<label for=\"form-field-postfach\" class=\"elementor-field-label\">\n\t\t\t\t\t\t\t\tBo\u00eete postale\t\t\t\t\t\t\t<\/label>\n\t\t\t\t\t\t\t\t\t\t\t\t\t\t<input size=\"1\" type=\"text\" name=\"form_fields[postfach]\" id=\"form-field-postfach\" class=\"elementor-field elementor-size-sm  elementor-field-textual\">\n\t\t\t\t\t\t\t\t\t\t\t<\/div>\n\t\t\t\t\t\t\t\t<div class=\"elementor-field-type-text elementor-field-group elementor-column elementor-field-group-plz elementor-col-20 elementor-field-required\">\n\t\t\t\t\t\t\t\t\t\t\t\t<label for=\"form-field-plz\" class=\"elementor-field-label\">\n\t\t\t\t\t\t\t\tCODE POSTAL\t\t\t\t\t\t\t<\/label>\n\t\t\t\t\t\t\t\t\t\t\t\t\t\t<input size=\"1\" type=\"text\" name=\"form_fields[plz]\" id=\"form-field-plz\" class=\"elementor-field elementor-size-sm  elementor-field-textual\" required=\"required\">\n\t\t\t\t\t\t\t\t\t\t\t<\/div>\n\t\t\t\t\t\t\t\t<div class=\"elementor-field-type-text elementor-field-group elementor-column elementor-field-group-ort elementor-col-80 elementor-field-required\">\n\t\t\t\t\t\t\t\t\t\t\t\t<label for=\"form-field-ort\" class=\"elementor-field-label\">\n\t\t\t\t\t\t\t\tLieu\t\t\t\t\t\t\t<\/label>\n\t\t\t\t\t\t\t\t\t\t\t\t\t\t<input size=\"1\" type=\"text\" name=\"form_fields[ort]\" id=\"form-field-ort\" class=\"elementor-field elementor-size-sm  elementor-field-textual\" required=\"required\">\n\t\t\t\t\t\t\t\t\t\t\t<\/div>\n\t\t\t\t\t\t\t\t<div class=\"elementor-field-type-tel elementor-field-group elementor-column elementor-field-group-telefonnummer elementor-col-100\">\n\t\t\t\t\t\t\t\t\t\t\t\t<label for=\"form-field-telefonnummer\" class=\"elementor-field-label\">\n\t\t\t\t\t\t\t\tNum\u00e9ro de t\u00e9l\u00e9phone\t\t\t\t\t\t\t<\/label>\n\t\t\t\t\t\t\t\t<input size=\"1\" type=\"tel\" name=\"form_fields[telefonnummer]\" id=\"form-field-telefonnummer\" class=\"elementor-field elementor-size-sm  elementor-field-textual\" pattern=\"[0-9()#&amp;+*-=.]+\" title=\"Only numbers and phone characters (#, -, *, etc) are accepted.\">\n\n\t\t\t\t\t\t<\/div>\n\t\t\t\t\t\t\t\t<div class=\"elementor-field-type-email elementor-field-group elementor-column elementor-field-group-email elementor-col-100 elementor-field-required\">\n\t\t\t\t\t\t\t\t\t\t\t\t<label for=\"form-field-email\" class=\"elementor-field-label\">\n\t\t\t\t\t\t\t\tE-mail\t\t\t\t\t\t\t<\/label>\n\t\t\t\t\t\t\t\t\t\t\t\t\t\t<input size=\"1\" type=\"email\" name=\"form_fields[email]\" id=\"form-field-email\" class=\"elementor-field elementor-size-sm  elementor-field-textual\" required=\"required\">\n\t\t\t\t\t\t\t\t\t\t\t<\/div>\n\t\t\t\t\t\t\t\t<div class=\"elementor-field-type-html elementor-field-group elementor-column elementor-field-group-field_62218be elementor-col-100\">\n\t\t\t\t\t<div style=\"font-weight:600;margin-top:10px;margin-bottom:-10px\">Nombre de catalogues <\/div>\t\t\t\t<\/div>\n\t\t\t\t\t\t\t\t<div class=\"elementor-field-type-number elementor-field-group elementor-column elementor-field-group-field_46bf42f elementor-col-30 elementor-field-required\">\n\t\t\t\t\t\t\t\t\t\t\t\t<label for=\"form-field-field_46bf42f\" class=\"elementor-field-label\">\n\t\t\t\t\t\t\t\tAllemand\t\t\t\t\t\t\t<\/label>\n\t\t\t\t\t\t\t\t\t<input type=\"number\" name=\"form_fields[field_46bf42f]\" id=\"form-field-field_46bf42f\" class=\"elementor-field elementor-size-sm  elementor-field-textual\" placeholder=\"0\" required=\"required\" min=\"0\" max=\"\" >\n\t\t\t\t\t\t<\/div>\n\t\t\t\t\t\t\t\t<div class=\"elementor-field-type-number elementor-field-group elementor-column elementor-field-group-field_22e7de0 elementor-col-30 elementor-field-required\">\n\t\t\t\t\t\t\t\t\t\t\t\t<label for=\"form-field-field_22e7de0\" class=\"elementor-field-label\">\n\t\t\t\t\t\t\t\tFran\u00e7ais\t\t\t\t\t\t\t<\/label>\n\t\t\t\t\t\t\t\t\t<input type=\"number\" name=\"form_fields[field_22e7de0]\" id=\"form-field-field_22e7de0\" class=\"elementor-field elementor-size-sm  elementor-field-textual\" placeholder=\"0\" required=\"required\" min=\"0\" max=\"\" >\n\t\t\t\t\t\t<\/div>\n\t\t\t\t\t\t\t\t<div class=\"elementor-field-group elementor-column elementor-field-type-submit elementor-col-100 e-form__buttons\">\n\t\t\t\t\t<button class=\"elementor-button elementor-size-sm\" type=\"submit\" id=\"btn-primary\">\n\t\t\t\t\t\t<span class=\"elementor-button-content-wrapper\">\n\t\t\t\t\t\t\t\t\t\t\t\t\t\t\t\t\t\t\t\t\t\t<span class=\"elementor-button-text\">Commander maintenant<\/span>\n\t\t\t\t\t\t\t\t\t\t\t\t\t<\/span>\n\t\t\t\t\t<\/button>\n\t\t\t\t<\/div>\n\t\t\t<\/div>\n\t\t<\/form>\n\t\t\t\t\t\t<\/div>\n\t\t\t\t<\/div>\n\t\t\t\t<\/div>\n\t\t\t\t<\/div>\n\t\t\t\t<\/div>\n\t\t","protected":false},"excerpt":{"rendered":"<p>Commandez notre catalogue &#8211; ou choisissez la version sans papier. Nous n&#8217;envoyons qu&#8217;un seul exemplaire \u00e0 l&#8217;\u00e9tranger. Merci de votre compr\u00e9hension. Vous pouvez \u00e9galement t\u00e9l\u00e9charger les catalogues : &nbsp; Catalogue 2026 (de)&nbsp; Catalogue 2026 (fr)&nbsp; &nbsp; Vos coordonn\u00e9es<\/p>\n","protected":false},"author":43,"featured_media":28243,"parent":1731,"menu_order":0,"comment_status":"closed","ping_status":"closed","template":"","meta":{"_acf_changed":false,"footnotes":""},"class_list":["post-1749","page","type-page","status-publish","has-post-thumbnail","hentry"],"acf":[],"yoast_head":"<!-- This site is optimized with the Yoast SEO plugin v27.3 - https:\/\/yoast.com\/product\/yoast-seo-wordpress\/ -->\n<title>Commander le catalogue - Maisons de Cure Suisses<\/title>\n<meta name=\"description\" content=\"Le nouveau catalogue - un aper\u00e7u id\u00e9al de nos \u00e9tablissements membres r\u00e9partis en cliniques de r\u00e9\u00e9ducation, maisons de cure, thermes et offres de pr\u00e9vention.\" \/>\n<meta name=\"robots\" content=\"index, follow, max-snippet:-1, max-image-preview:large, max-video-preview:-1\" \/>\n<link rel=\"canonical\" href=\"https:\/\/www.kuren.ch\/fr\/service\/catalogue\/\" \/>\n<meta property=\"og:locale\" content=\"fr_FR\" \/>\n<meta property=\"og:type\" content=\"article\" \/>\n<meta property=\"og:title\" content=\"Commander le catalogue - Maisons de Cure Suisses\" \/>\n<meta property=\"og:description\" content=\"Le nouveau catalogue - un aper\u00e7u id\u00e9al de nos \u00e9tablissements membres r\u00e9partis en cliniques de r\u00e9\u00e9ducation, maisons de cure, thermes et offres de pr\u00e9vention.\" \/>\n<meta property=\"og:url\" content=\"https:\/\/www.kuren.ch\/fr\/service\/catalogue\/\" \/>\n<meta property=\"og:site_name\" content=\"Heilb\u00e4der und Kurh\u00e4user Schweiz\" \/>\n<meta property=\"article:publisher\" content=\"https:\/\/www.facebook.com\/KurenSchweiz\/\" \/>\n<meta property=\"article:modified_time\" content=\"2026-01-04T13:50:24+00:00\" \/>\n<meta property=\"og:image\" content=\"https:\/\/www.kuren.ch\/wp-content\/uploads\/2025\/10\/07.jpg\" \/>\n\t<meta property=\"og:image:width\" content=\"2400\" \/>\n\t<meta property=\"og:image:height\" content=\"1400\" \/>\n\t<meta property=\"og:image:type\" content=\"image\/jpeg\" \/>\n<meta name=\"twitter:card\" content=\"summary_large_image\" \/>\n<meta name=\"twitter:label1\" content=\"Dur\u00e9e de lecture estim\u00e9e\" \/>\n\t<meta name=\"twitter:data1\" content=\"1 minute\" \/>\n<script type=\"application\/ld+json\" class=\"yoast-schema-graph\">{\"@context\":\"https:\\\/\\\/schema.org\",\"@graph\":[{\"@type\":\"WebPage\",\"@id\":\"https:\\\/\\\/www.kuren.ch\\\/fr\\\/service\\\/catalogue\\\/\",\"url\":\"https:\\\/\\\/www.kuren.ch\\\/fr\\\/service\\\/catalogue\\\/\",\"name\":\"Commander le catalogue - Maisons de Cure Suisses\",\"isPartOf\":{\"@id\":\"https:\\\/\\\/www.kuren.ch\\\/fr\\\/#website\"},\"primaryImageOfPage\":{\"@id\":\"https:\\\/\\\/www.kuren.ch\\\/fr\\\/service\\\/catalogue\\\/#primaryimage\"},\"image\":{\"@id\":\"https:\\\/\\\/www.kuren.ch\\\/fr\\\/service\\\/catalogue\\\/#primaryimage\"},\"thumbnailUrl\":\"https:\\\/\\\/www.kuren.ch\\\/wp-content\\\/uploads\\\/2025\\\/10\\\/07.jpg\",\"datePublished\":\"2016-10-17T07:03:26+00:00\",\"dateModified\":\"2026-01-04T13:50:24+00:00\",\"description\":\"Le nouveau catalogue - un aper\u00e7u id\u00e9al de nos \u00e9tablissements membres r\u00e9partis en cliniques de r\u00e9\u00e9ducation, maisons de cure, thermes et offres de pr\u00e9vention.\",\"breadcrumb\":{\"@id\":\"https:\\\/\\\/www.kuren.ch\\\/fr\\\/service\\\/catalogue\\\/#breadcrumb\"},\"inLanguage\":\"fr-FR\",\"potentialAction\":[{\"@type\":\"ReadAction\",\"target\":[\"https:\\\/\\\/www.kuren.ch\\\/fr\\\/service\\\/catalogue\\\/\"]}]},{\"@type\":\"ImageObject\",\"inLanguage\":\"fr-FR\",\"@id\":\"https:\\\/\\\/www.kuren.ch\\\/fr\\\/service\\\/catalogue\\\/#primaryimage\",\"url\":\"https:\\\/\\\/www.kuren.ch\\\/wp-content\\\/uploads\\\/2025\\\/10\\\/07.jpg\",\"contentUrl\":\"https:\\\/\\\/www.kuren.ch\\\/wp-content\\\/uploads\\\/2025\\\/10\\\/07.jpg\",\"width\":2400,\"height\":1400},{\"@type\":\"BreadcrumbList\",\"@id\":\"https:\\\/\\\/www.kuren.ch\\\/fr\\\/service\\\/catalogue\\\/#breadcrumb\",\"itemListElement\":[{\"@type\":\"ListItem\",\"position\":1,\"name\":\"Startseite\",\"item\":\"https:\\\/\\\/www.kuren.ch\\\/fr\\\/\"},{\"@type\":\"ListItem\",\"position\":2,\"name\":\"Services\",\"item\":\"https:\\\/\\\/www.kuren.ch\\\/fr\\\/service\\\/\"},{\"@type\":\"ListItem\",\"position\":3,\"name\":\"Commander le catalogue\"}]},{\"@type\":\"WebSite\",\"@id\":\"https:\\\/\\\/www.kuren.ch\\\/fr\\\/#website\",\"url\":\"https:\\\/\\\/www.kuren.ch\\\/fr\\\/\",\"name\":\"Heilb\u00e4der und Kurh\u00e4user Schweiz\",\"description\":\"Ihre direkte Verbindung zu mehr und neuer Lebensfreude\",\"publisher\":{\"@id\":\"https:\\\/\\\/www.kuren.ch\\\/fr\\\/#organization\"},\"potentialAction\":[{\"@type\":\"SearchAction\",\"target\":{\"@type\":\"EntryPoint\",\"urlTemplate\":\"https:\\\/\\\/www.kuren.ch\\\/fr\\\/?s={search_term_string}\"},\"query-input\":{\"@type\":\"PropertyValueSpecification\",\"valueRequired\":true,\"valueName\":\"search_term_string\"}}],\"inLanguage\":\"fr-FR\"},{\"@type\":\"Organization\",\"@id\":\"https:\\\/\\\/www.kuren.ch\\\/fr\\\/#organization\",\"name\":\"Heilb\u00e4der und Kurh\u00e4user Schweiz\",\"url\":\"https:\\\/\\\/www.kuren.ch\\\/fr\\\/\",\"logo\":{\"@type\":\"ImageObject\",\"inLanguage\":\"fr-FR\",\"@id\":\"https:\\\/\\\/www.kuren.ch\\\/fr\\\/#\\\/schema\\\/logo\\\/image\\\/\",\"url\":false,\"contentUrl\":false,\"width\":118,\"height\":147,\"caption\":\"Heilb\u00e4der und Kurh\u00e4user Schweiz\"},\"image\":{\"@id\":\"https:\\\/\\\/www.kuren.ch\\\/fr\\\/#\\\/schema\\\/logo\\\/image\\\/\"},\"sameAs\":[\"https:\\\/\\\/www.facebook.com\\\/KurenSchweiz\\\/\",\"https:\\\/\\\/www.instagram.com\\\/heilbaeder_kurhaeuser\\\/\"]}]}<\/script>\n<!-- \/ Yoast SEO plugin. -->","yoast_head_json":{"title":"Commander le catalogue - Maisons de Cure Suisses","description":"Le nouveau catalogue - un aper\u00e7u id\u00e9al de nos \u00e9tablissements membres r\u00e9partis en cliniques de r\u00e9\u00e9ducation, maisons de cure, thermes et offres de pr\u00e9vention.","robots":{"index":"index","follow":"follow","max-snippet":"max-snippet:-1","max-image-preview":"max-image-preview:large","max-video-preview":"max-video-preview:-1"},"canonical":"https:\/\/www.kuren.ch\/fr\/service\/catalogue\/","og_locale":"fr_FR","og_type":"article","og_title":"Commander le catalogue - Maisons de Cure Suisses","og_description":"Le nouveau catalogue - un aper\u00e7u id\u00e9al de nos \u00e9tablissements membres r\u00e9partis en cliniques de r\u00e9\u00e9ducation, maisons de cure, thermes et offres de pr\u00e9vention.","og_url":"https:\/\/www.kuren.ch\/fr\/service\/catalogue\/","og_site_name":"Heilb\u00e4der und Kurh\u00e4user Schweiz","article_publisher":"https:\/\/www.facebook.com\/KurenSchweiz\/","article_modified_time":"2026-01-04T13:50:24+00:00","og_image":[{"width":2400,"height":1400,"url":"https:\/\/www.kuren.ch\/wp-content\/uploads\/2025\/10\/07.jpg","type":"image\/jpeg"}],"twitter_card":"summary_large_image","twitter_misc":{"Dur\u00e9e de lecture estim\u00e9e":"1 minute"},"schema":{"@context":"https:\/\/schema.org","@graph":[{"@type":"WebPage","@id":"https:\/\/www.kuren.ch\/fr\/service\/catalogue\/","url":"https:\/\/www.kuren.ch\/fr\/service\/catalogue\/","name":"Commander le catalogue - Maisons de Cure Suisses","isPartOf":{"@id":"https:\/\/www.kuren.ch\/fr\/#website"},"primaryImageOfPage":{"@id":"https:\/\/www.kuren.ch\/fr\/service\/catalogue\/#primaryimage"},"image":{"@id":"https:\/\/www.kuren.ch\/fr\/service\/catalogue\/#primaryimage"},"thumbnailUrl":"https:\/\/www.kuren.ch\/wp-content\/uploads\/2025\/10\/07.jpg","datePublished":"2016-10-17T07:03:26+00:00","dateModified":"2026-01-04T13:50:24+00:00","description":"Le nouveau catalogue - un aper\u00e7u id\u00e9al de nos \u00e9tablissements membres r\u00e9partis en cliniques de r\u00e9\u00e9ducation, maisons de cure, thermes et offres de pr\u00e9vention.","breadcrumb":{"@id":"https:\/\/www.kuren.ch\/fr\/service\/catalogue\/#breadcrumb"},"inLanguage":"fr-FR","potentialAction":[{"@type":"ReadAction","target":["https:\/\/www.kuren.ch\/fr\/service\/catalogue\/"]}]},{"@type":"ImageObject","inLanguage":"fr-FR","@id":"https:\/\/www.kuren.ch\/fr\/service\/catalogue\/#primaryimage","url":"https:\/\/www.kuren.ch\/wp-content\/uploads\/2025\/10\/07.jpg","contentUrl":"https:\/\/www.kuren.ch\/wp-content\/uploads\/2025\/10\/07.jpg","width":2400,"height":1400},{"@type":"BreadcrumbList","@id":"https:\/\/www.kuren.ch\/fr\/service\/catalogue\/#breadcrumb","itemListElement":[{"@type":"ListItem","position":1,"name":"Startseite","item":"https:\/\/www.kuren.ch\/fr\/"},{"@type":"ListItem","position":2,"name":"Services","item":"https:\/\/www.kuren.ch\/fr\/service\/"},{"@type":"ListItem","position":3,"name":"Commander le catalogue"}]},{"@type":"WebSite","@id":"https:\/\/www.kuren.ch\/fr\/#website","url":"https:\/\/www.kuren.ch\/fr\/","name":"Heilb\u00e4der und Kurh\u00e4user Schweiz","description":"Ihre direkte Verbindung zu mehr und neuer Lebensfreude","publisher":{"@id":"https:\/\/www.kuren.ch\/fr\/#organization"},"potentialAction":[{"@type":"SearchAction","target":{"@type":"EntryPoint","urlTemplate":"https:\/\/www.kuren.ch\/fr\/?s={search_term_string}"},"query-input":{"@type":"PropertyValueSpecification","valueRequired":true,"valueName":"search_term_string"}}],"inLanguage":"fr-FR"},{"@type":"Organization","@id":"https:\/\/www.kuren.ch\/fr\/#organization","name":"Heilb\u00e4der und Kurh\u00e4user Schweiz","url":"https:\/\/www.kuren.ch\/fr\/","logo":{"@type":"ImageObject","inLanguage":"fr-FR","@id":"https:\/\/www.kuren.ch\/fr\/#\/schema\/logo\/image\/","url":false,"contentUrl":false,"width":118,"height":147,"caption":"Heilb\u00e4der und Kurh\u00e4user Schweiz"},"image":{"@id":"https:\/\/www.kuren.ch\/fr\/#\/schema\/logo\/image\/"},"sameAs":["https:\/\/www.facebook.com\/KurenSchweiz\/","https:\/\/www.instagram.com\/heilbaeder_kurhaeuser\/"]}]}},"_links":{"self":[{"href":"https:\/\/www.kuren.ch\/fr\/wp-json\/wp\/v2\/pages\/1749\/"}],"collection":[{"href":"https:\/\/www.kuren.ch\/fr\/wp-json\/wp\/v2\/pages\/"}],"about":[{"href":"https:\/\/www.kuren.ch\/fr\/wp-json\/wp\/v2\/types\/page\/"}],"author":[{"embeddable":true,"href":"https:\/\/www.kuren.ch\/fr\/wp-json\/wp\/v2\/users\/43\/"}],"replies":[{"embeddable":true,"href":"https:\/\/www.kuren.ch\/fr\/wp-json\/wp\/v2\/comments\/?post=1749"}],"version-history":[{"count":95,"href":"https:\/\/www.kuren.ch\/fr\/wp-json\/wp\/v2\/pages\/1749\/revisions\/"}],"predecessor-version":[{"id":28927,"href":"https:\/\/www.kuren.ch\/fr\/wp-json\/wp\/v2\/pages\/1749\/revisions\/28927\/"}],"up":[{"embeddable":true,"href":"https:\/\/www.kuren.ch\/fr\/wp-json\/wp\/v2\/pages\/1731\/"}],"wp:featuredmedia":[{"embeddable":true,"href":"https:\/\/www.kuren.ch\/fr\/wp-json\/wp\/v2\/media\/28243\/"}],"wp:attachment":[{"href":"https:\/\/www.kuren.ch\/fr\/wp-json\/wp\/v2\/media\/?parent=1749"}],"curies":[{"name":"wp","href":"https:\/\/api.w.org\/{rel}","templated":true}]}}