{"id":1746,"date":"2016-10-17T16:11:34","date_gmt":"2016-10-17T14:11:34","guid":{"rendered":"https:\/\/kuren.ch\/web\/mitglied-werden\/"},"modified":"2025-10-14T10:22:04","modified_gmt":"2025-10-14T08:22:04","slug":"mitglied-werden","status":"publish","type":"page","link":"https:\/\/www.kuren.ch\/fr\/service\/devenir-membre\/","title":{"rendered":"Membres"},"content":{"rendered":"\t\t<div data-elementor-type=\"wp-page\" data-elementor-id=\"1746\" class=\"elementor elementor-1746 elementor-40\" data-elementor-post-type=\"page\">\n\t\t\t\t<div class=\"elementor-element elementor-element-a6910dd e-con-full e-flex e-con e-parent\" data-id=\"a6910dd\" data-element_type=\"container\" data-e-type=\"container\">\n\t\t<div class=\"elementor-element elementor-element-719facc e-con-full e-flex e-con e-child\" data-id=\"719facc\" data-element_type=\"container\" data-e-type=\"container\">\n\t\t\t\t<div class=\"elementor-element elementor-element-c1fd339 small-content-bold elementor-widget elementor-widget-heading\" data-id=\"c1fd339\" data-element_type=\"widget\" data-e-type=\"widget\" data-widget_type=\"heading.default\">\n\t\t\t\t<div class=\"elementor-widget-container\">\n\t\t\t\t\t<div class=\"elementor-heading-title elementor-size-default\">Qui peut devenir membre<\/div>\t\t\t\t<\/div>\n\t\t\t\t<\/div>\n\t\t\t\t<div class=\"elementor-element elementor-element-328c604 small-content elementor-widget elementor-widget-text-editor\" data-id=\"328c604\" data-element_type=\"widget\" data-e-type=\"widget\" data-widget_type=\"text-editor.default\">\n\t\t\t\t<div class=\"elementor-widget-container\">\n\t\t\t\t\t\t\t\t\t<p>Cliniques de r\u00e9adaptation (avec mandat de prestations sur les listes hospitali\u00e8res cantonales), maisons de cure, stations thermales et h\u00f4tels de sant\u00e9 en Suisse, qui remplissent les crit\u00e8res de qualit\u00e9 exig\u00e9s.<\/p><p>Nous nous ferons un plaisir de vous informer sur place afin de vous pr\u00e9senter les avantages et les possibilit\u00e9s d&#8217;une adh\u00e9sion \u00e0 \u00ab Les villes thermales et centres de cure suisses \u00bb. N&#8217;h\u00e9sitez pas \u00e0 prendre contact avec notre bureau. <\/p>\t\t\t\t\t\t\t\t<\/div>\n\t\t\t\t<\/div>\n\t\t\t\t<\/div>\n\t\t<div class=\"elementor-element elementor-element-9d620c1 e-con-full e-flex e-con e-child\" data-id=\"9d620c1\" data-element_type=\"container\" data-e-type=\"container\">\n\t\t<div class=\"elementor-element elementor-element-928eadc e-con-full e-flex e-con e-child\" data-id=\"928eadc\" data-element_type=\"container\" data-e-type=\"container\">\n\t\t\t\t<div class=\"elementor-element elementor-element-863ebcd elementor-align-left elementor-widget elementor-widget-button\" data-id=\"863ebcd\" data-element_type=\"widget\" data-e-type=\"widget\" data-widget_type=\"button.default\">\n\t\t\t\t<div class=\"elementor-widget-container\">\n\t\t\t\t\t\t\t\t\t<div class=\"elementor-button-wrapper\">\n\t\t\t\t\t<a class=\"elementor-button elementor-button-link elementor-size-sm\" href=\"https:\/\/www.kuren.ch\/fr\/download\/aufnahmeantrag-mitgliedschaft\/?wpdmdl=2241\" target=\"_blank\">\n\t\t\t\t\t\t<span class=\"elementor-button-content-wrapper\">\n\t\t\t\t\t\t<span class=\"elementor-button-icon\">\n\t\t\t\t<svg xmlns=\"http:\/\/www.w3.org\/2000\/svg\" width=\"22.1\" height=\"20.233\" viewBox=\"-0.017 0 22.1 20.233\"><path d=\"m9.11 0 9.095 9.095H0v2.02h18.205L9.11 20.21h2.852l10.104-10.105L11.962 0H9.11Z\" fill=\"#a72675\" fill-rule=\"evenodd\" data-name=\"Pfad 54\"><\/path><\/svg>\t\t\t<\/span>\n\t\t\t\t\t\t\t\t\t<span class=\"elementor-button-text\">Demande d'adh\u00e9sion<\/span>\n\t\t\t\t\t<\/span>\n\t\t\t\t\t<\/a>\n\t\t\t\t<\/div>\n\t\t\t\t\t\t\t\t<\/div>\n\t\t\t\t<\/div>\n\t\t\t\t<div class=\"elementor-element elementor-element-e09a46c elementor-align-left elementor-widget elementor-widget-button\" data-id=\"e09a46c\" data-element_type=\"widget\" data-e-type=\"widget\" data-widget_type=\"button.default\">\n\t\t\t\t<div class=\"elementor-widget-container\">\n\t\t\t\t\t\t\t\t\t<div class=\"elementor-button-wrapper\">\n\t\t\t\t\t<a class=\"elementor-button elementor-button-link elementor-size-sm\" href=\"\/de\/download\/kriterien_kurhaus\/?wpdmdl=21324\" target=\"_blank\">\n\t\t\t\t\t\t<span class=\"elementor-button-content-wrapper\">\n\t\t\t\t\t\t<span class=\"elementor-button-icon\">\n\t\t\t\t<svg xmlns=\"http:\/\/www.w3.org\/2000\/svg\" width=\"22.1\" height=\"20.233\" viewBox=\"-0.017 0 22.1 20.233\"><path d=\"m9.11 0 9.095 9.095H0v2.02h18.205L9.11 20.21h2.852l10.104-10.105L11.962 0H9.11Z\" fill=\"#a72675\" fill-rule=\"evenodd\" data-name=\"Pfad 54\"><\/path><\/svg>\t\t\t<\/span>\n\t\t\t\t\t\t\t\t\t<span class=\"elementor-button-text\">Crit\u00e8res de qualit\u00e9 de la maison de cure<\/span>\n\t\t\t\t\t<\/span>\n\t\t\t\t\t<\/a>\n\t\t\t\t<\/div>\n\t\t\t\t\t\t\t\t<\/div>\n\t\t\t\t<\/div>\n\t\t\t\t<div class=\"elementor-element elementor-element-9c82966 elementor-align-left elementor-widget elementor-widget-button\" data-id=\"9c82966\" data-element_type=\"widget\" data-e-type=\"widget\" data-widget_type=\"button.default\">\n\t\t\t\t<div class=\"elementor-widget-container\">\n\t\t\t\t\t\t\t\t\t<div class=\"elementor-button-wrapper\">\n\t\t\t\t\t<a class=\"elementor-button elementor-button-link elementor-size-sm\" href=\"https:\/\/www.kuren.ch\/fr\/download\/beitragsreglement\/?wpdmdl=1421\" target=\"_blank\">\n\t\t\t\t\t\t<span class=\"elementor-button-content-wrapper\">\n\t\t\t\t\t\t<span class=\"elementor-button-icon\">\n\t\t\t\t<svg xmlns=\"http:\/\/www.w3.org\/2000\/svg\" width=\"22.1\" height=\"20.233\" viewBox=\"-0.017 0 22.1 20.233\"><path d=\"m9.11 0 9.095 9.095H0v2.02h18.205L9.11 20.21h2.852l10.104-10.105L11.962 0H9.11Z\" fill=\"#a72675\" fill-rule=\"evenodd\" data-name=\"Pfad 54\"><\/path><\/svg>\t\t\t<\/span>\n\t\t\t\t\t\t\t\t\t<span class=\"elementor-button-text\">R\u00e8glement des cotisations<\/span>\n\t\t\t\t\t<\/span>\n\t\t\t\t\t<\/a>\n\t\t\t\t<\/div>\n\t\t\t\t\t\t\t\t<\/div>\n\t\t\t\t<\/div>\n\t\t\t\t<div class=\"elementor-element elementor-element-b93ccda elementor-align-left elementor-widget elementor-widget-button\" data-id=\"b93ccda\" data-element_type=\"widget\" data-e-type=\"widget\" data-widget_type=\"button.default\">\n\t\t\t\t<div class=\"elementor-widget-container\">\n\t\t\t\t\t\t\t\t\t<div class=\"elementor-button-wrapper\">\n\t\t\t\t\t<a class=\"elementor-button elementor-button-link elementor-size-sm\" href=\"\/download\/statuten\/?wpdmdl=1425\" target=\"_blank\">\n\t\t\t\t\t\t<span class=\"elementor-button-content-wrapper\">\n\t\t\t\t\t\t<span class=\"elementor-button-icon\">\n\t\t\t\t<svg xmlns=\"http:\/\/www.w3.org\/2000\/svg\" width=\"22.1\" height=\"20.233\" viewBox=\"-0.017 0 22.1 20.233\"><path d=\"m9.11 0 9.095 9.095H0v2.02h18.205L9.11 20.21h2.852l10.104-10.105L11.962 0H9.11Z\" fill=\"#a72675\" fill-rule=\"evenodd\" data-name=\"Pfad 54\"><\/path><\/svg>\t\t\t<\/span>\n\t\t\t\t\t\t\t\t\t<span class=\"elementor-button-text\">Statuts<\/span>\n\t\t\t\t\t<\/span>\n\t\t\t\t\t<\/a>\n\t\t\t\t<\/div>\n\t\t\t\t\t\t\t\t<\/div>\n\t\t\t\t<\/div>\n\t\t\t\t<\/div>\n\t\t\t\t<\/div>\n\t\t\t\t<\/div>\n\t\t<div class=\"elementor-element elementor-element-2ddab11 e-con-full e-flex e-con e-parent\" data-id=\"2ddab11\" data-element_type=\"container\" data-e-type=\"container\">\n\t\t\t\t<div class=\"elementor-element elementor-element-675316a elementor-widget elementor-widget-heading\" data-id=\"675316a\" data-element_type=\"widget\" data-e-type=\"widget\" data-widget_type=\"heading.default\">\n\t\t\t\t<div class=\"elementor-widget-container\">\n\t\t\t\t\t<h2 class=\"elementor-heading-title elementor-size-default\">Tous les \u00e9tablissements membres en un coup d'\u0153il<\/h2>\t\t\t\t<\/div>\n\t\t\t\t<\/div>\n\t\t\t\t<\/div>\n\t\t<div class=\"elementor-element elementor-element-71fc1c7 e-con-full e-flex e-con e-parent\" data-id=\"71fc1c7\" data-element_type=\"container\" data-e-type=\"container\">\n\t\t<div class=\"elementor-element elementor-element-844517c e-con-full e-flex e-con e-child\" data-id=\"844517c\" data-element_type=\"container\" data-e-type=\"container\">\n\t\t\t\t<div class=\"elementor-element elementor-element-428067d small-content elementor-widget elementor-widget-text-editor\" data-id=\"428067d\" data-element_type=\"widget\" data-e-type=\"widget\" data-widget_type=\"text-editor.default\">\n\t\t\t\t<div class=\"elementor-widget-container\">\n\t\t\t\t\t\t\t\t\t<p>Tous nos \u00e9tablissements membres class\u00e9s par ordre alphab\u00e9tique de localit\u00e9. Ces \u00e9tablissements r\u00e9pondent aux crit\u00e8res de qualit\u00e9 de Heilb\u00e4der und Kurh\u00e4user Schweiz. Ces crit\u00e8res sont r\u00e9guli\u00e8rement contr\u00f4l\u00e9s par des auditeurs externes.  <\/p><p>Pour plus d&#8217;informations, les th\u00e9rapies propos\u00e9es et les indications, veuillez consulter les entr\u00e9es th\u00e9matiques respectives de chaque \u00e9tablissement membre.<\/p>\t\t\t\t\t\t\t\t<\/div>\n\t\t\t\t<\/div>\n\t\t\t\t<\/div>\n\t\t<div class=\"elementor-element elementor-element-e661987 e-con-full e-flex e-con e-child\" data-id=\"e661987\" data-element_type=\"container\" data-e-type=\"container\">\n\t\t<div class=\"elementor-element elementor-element-7a5220e e-con-full e-flex e-con e-child\" data-id=\"7a5220e\" data-element_type=\"container\" data-e-type=\"container\">\n\t\t\t\t<div class=\"elementor-element elementor-element-0a0e75f elementor-align-left elementor-widget elementor-widget-button\" data-id=\"0a0e75f\" data-element_type=\"widget\" data-e-type=\"widget\" data-widget_type=\"button.default\">\n\t\t\t\t<div class=\"elementor-widget-container\">\n\t\t\t\t\t\t\t\t\t<div class=\"elementor-button-wrapper\">\n\t\t\t\t\t<a class=\"elementor-button elementor-button-link elementor-size-sm\" href=\"https:\/\/www.kuren.ch\/fr\/download\/verzeichnis-kurhaeuser\/?wpdmdl=2362\" target=\"_blank\">\n\t\t\t\t\t\t<span class=\"elementor-button-content-wrapper\">\n\t\t\t\t\t\t<span class=\"elementor-button-icon\">\n\t\t\t\t<svg xmlns=\"http:\/\/www.w3.org\/2000\/svg\" width=\"22.1\" height=\"20.233\" viewBox=\"-0.017 0 22.1 20.233\"><path d=\"m9.11 0 9.095 9.095H0v2.02h18.205L9.11 20.21h2.852l10.104-10.105L11.962 0H9.11Z\" fill=\"#a72675\" fill-rule=\"evenodd\" data-name=\"Pfad 54\"><\/path><\/svg>\t\t\t<\/span>\n\t\t\t\t\t\t\t\t\t<span class=\"elementor-button-text\">Annuaire des membres<\/span>\n\t\t\t\t\t<\/span>\n\t\t\t\t\t<\/a>\n\t\t\t\t<\/div>\n\t\t\t\t\t\t\t\t<\/div>\n\t\t\t\t<\/div>\n\t\t\t\t<\/div>\n\t\t\t\t<\/div>\n\t\t\t\t<\/div>\n\t\t<div class=\"elementor-element elementor-element-ad05b97 e-con-full e-flex e-con e-parent\" data-id=\"ad05b97\" data-element_type=\"container\" data-e-type=\"container\">\n\t\t\t\t<div class=\"elementor-element elementor-element-ed45e8e kuren-table focus-second-column elementor-widget elementor-widget-text-editor\" data-id=\"ed45e8e\" data-element_type=\"widget\" data-e-type=\"widget\" data-widget_type=\"text-editor.default\">\n\t\t\t\t<div class=\"elementor-widget-container\">\n\t\t\t\t\t\t\t\t\t<table style=\"border-collapse: collapse; width: 98.0583%; height: 850px;\"><tbody><tr style=\"height: 24px;\"><td style=\"width: 20%; height: 24px;\">Ort<\/td><td style=\"width: 20%; height: 24px;\">Betrieb<\/td><td style=\"width: 60%; height: 24px;\" colspan=\"3\">Art<\/td><\/tr><tr style=\"height: 24px;\"><td style=\"width: 20%; height: 24px;\">Andeer<\/td><td style=\"width: 20%; height: 24px;\">Hotel Fravi<\/td><td style=\"width: 20%; height: 24px;\"><a href=\"\/de\/kurhaeuser\/schamser-heilbad-hotel-fravi\/\">Kurhaus<\/a><\/td><td style=\"width: 20%; height: 24px;\">\u00a0<\/td><td style=\"width: 20%; height: 24px;\">\u00a0<\/td><\/tr><tr style=\"height: 48px;\"><td style=\"width: 20%; height: 48px;\">Andeer<\/td><td style=\"width: 20%; height: 48px;\">Schamser Heilbad<\/td><td style=\"width: 20%; height: 48px;\">\u00a0<\/td><td style=\"width: 20%; height: 48px;\">\u00a0<\/td><td style=\"width: 20%; height: 48px;\"><a href=\"\/de\/thermen\/thermalbad-schamser-heilbad-andeer\/\">Therme<\/a><\/td><\/tr><tr style=\"height: 24px;\"><td style=\"width: 20%; height: 24px;\">Andeer<\/td><td style=\"width: 20%; height: 24px;\">Reha Andeer<\/td><td style=\"width: 20%; height: 24px;\">\u00a0<\/td><td style=\"width: 20%; height: 24px;\"><a href=\"\/de\/rehakliniken\/reha-andeer-ag\/\">Reha<\/a><\/td><td style=\"width: 20%; height: 24px;\">\u00a0<\/td><\/tr><tr style=\"height: 48px;\"><td style=\"width: 20%; height: 48px;\">Ascona<\/td><td style=\"width: 20%; height: 48px;\">Casa Andrea Cristoforo<\/td><td style=\"width: 20%; height: 48px;\"><a href=\"\/de\/kurhaeuser\/casa-andrea-cristoforo\/\">Kurhaus<\/a><\/td><td style=\"width: 20%; height: 48px;\">\u00a0<\/td><td style=\"width: 20%; height: 48px;\">\u00a0<\/td><\/tr><tr style=\"height: 24px;\"><td style=\"width: 20%; height: 24px;\">Bad Ragaz<\/td><td style=\"width: 20%; height: 24px;\">Kurhaus Cristal<\/td><td style=\"width: 20%; height: 24px;\"><a href=\"\/de\/kurhaeuser\/kurhotel-cristal\/\">Kurhaus<\/a><\/td><td style=\"width: 20%; height: 24px;\">\u00a0<\/td><td style=\"width: 20%; height: 24px;\">\u00a0<\/td><\/tr><tr style=\"height: 24px;\"><td style=\"width: 20%; height: 24px;\">Bad Ragaz<\/td><td style=\"width: 20%; height: 24px;\">Grand Resort Bad Ragaz<\/td><td style=\"width: 20%; height: 24px;\"><a href=\"\/de\/kurhaeuser\/grand-resort-bad-ragaz-2\/\">Kurhaus<\/a><\/td><td style=\"width: 20%; height: 24px;\"><a href=\"\/de\/rehakliniken\/grand-resort-bad-ragaz-reha-clinic\/\">Reha<\/a><\/td><td style=\"width: 20%; height: 24px;\">\u00a0<\/td><\/tr><tr style=\"height: 24px;\"><td style=\"width: 20%; height: 24px;\">Bad Ragaz<\/td><td style=\"width: 20%; height: 24px;\">Tamina Therme<\/td><td style=\"width: 20%; height: 24px;\">\u00a0<\/td><td style=\"width: 20%; height: 24px;\">\u00a0<\/td><td style=\"width: 20%; height: 24px;\"><a href=\"\/de\/thermen\/thermalbad-tamina-therme\/\">Therme<\/a><\/td><\/tr><tr style=\"height: 15.0pt;\"><td style=\"height: 15px; width: 20%;\" width=\"80\" height=\"20\">Bad Zurzach<\/td><td style=\"width: 20%; height: 15px;\" width=\"80\">Vitalboutique Hotel Zurzacherhof\u00a0<\/td><td style=\"width: 20%; height: 15px;\"><a href=\"\/de\/kurhaeuser\/rehaclinic-kuren\/\">Kurhaus<\/a><\/td><td style=\"width: 20%; height: 15px;\">\u00a0<\/td><td style=\"width: 20%; height: 15px;\">\u00a0<\/td><\/tr><tr style=\"height: 15.0pt;\"><td style=\"height: 15px; width: 20%;\" height=\"20\">Bad Zurzach<\/td><td style=\"width: 20%; height: 15px;\">Therme Zurzach<\/td><td style=\"width: 20%; height: 15px;\">\u00a0<\/td><td style=\"width: 20%; height: 15px;\">\u00a0<\/td><td style=\"width: 20%; height: 15px;\">\u00a0<a href=\"\/de\/thermen\/thermalbad-zurzach\/\">Therme<\/a><\/td><\/tr><tr style=\"height: 15.0pt;\"><td style=\"height: 15px; width: 20%;\" height=\"20\">Bad Zurzach<\/td><td style=\"width: 20%; height: 15px;\">Parkhotel Bad Zurzach<\/td><td style=\"width: 20%; height: 15px;\"><a href=\"\/de\/kurhaeuser\/parkhotel-bad-zurzach\/\">Kurhaus<\/a><\/td><td style=\"width: 20%; height: 15px;\">\u00a0<\/td><td style=\"width: 20%; height: 15px;\">\u00a0<\/td><\/tr><tr style=\"height: 15.0pt;\"><td style=\"height: 15px; width: 20%;\" height=\"20\">Breiten ob M\u00f6rel<\/td><td style=\"width: 20%; height: 15px;\">Badehotel Salina Maris<\/td><td style=\"width: 20%; height: 15px;\"><a href=\"\/de\/kurhaeuser\/badehotel-salina-maris\/\">Kurhaus<\/a><\/td><td style=\"width: 20%; height: 15px;\">\u00a0<\/td><td style=\"width: 20%; height: 15px;\"><a href=\"\/de\/thermen\/thermalbad-salina-maris-bade-wellnesszentrum\/\">Therme<\/a><\/td><\/tr><tr style=\"height: 15.0pt;\"><td style=\"height: 10px; width: 20%;\" height=\"20\">Dussnang<\/td><td style=\"width: 20%; height: 10px;\">Rehaklinik Dussnang<\/td><td style=\"width: 20%; height: 10px;\"><a href=\"\/de\/kurhaeuser\/kneipp-hof-dussnang\/\">Kurhaus<\/a><\/td><td style=\"width: 20%; height: 10px;\"><a href=\"\/de\/rehakliniken\/rehaklinik-dussnang\/\">Reha<\/a><\/td><td style=\"width: 20%; height: 10px;\">\u00a0<\/td><\/tr><tr style=\"height: 15.0pt;\"><td style=\"height: 15px; width: 20%;\" height=\"20\">Eich<\/td><td style=\"width: 20%; height: 15px;\">Seematt Eich &#8211; Kur und Erholung<\/td><td style=\"width: 20%; height: 15px;\"><a href=\"\/de\/kurhaeuser\/ferien-und-erholungshaus-seematt\/\">Kurhaus<\/a><\/td><td style=\"width: 20%; height: 15px;\">\u00a0<\/td><td style=\"width: 20%; height: 15px;\">\u00a0<\/td><\/tr><tr style=\"height: 15.0pt;\"><td style=\"height: 15px; width: 20%;\" height=\"20\">Gonten<\/td><td style=\"width: 20%; height: 15px;\">Kurhaus Bad Gonten<\/td><td style=\"width: 20%; height: 15px;\"><a href=\"\/de\/betriebe\/kurhaus-bad-gonten\/\">Kurhaus<\/a><\/td><td style=\"width: 20%; height: 15px;\">\u00a0<\/td><td style=\"width: 20%; height: 15px;\">\u00a0<\/td><\/tr><tr><td style=\"width: 20%;\">Grub\/Heiden<\/td><td style=\"width: 20%;\">Appenzeller Heilbad<\/td><td style=\"width: 20%;\">\u00a0<\/td><td style=\"width: 20%;\">\u00a0<\/td><td style=\"width: 20%;\"><a href=\"https:\/\/www.kuren.ch\/de\/thermen\/appenzeller-heilbad\/\">Therme<\/a><\/td><\/tr><tr style=\"height: 15.0pt;\"><td style=\"height: 15px; width: 20%;\" height=\"20\">Gunten<\/td><td style=\"width: 20%; height: 15px;\">Klinik Sch\u00f6nberg\u00a0<\/td><td style=\"width: 20%; height: 15px;\"><a href=\"\/de\/kurhaeuser\/klinik-schoenberg\/\">Kurhaus<\/a><\/td><td style=\"width: 20%; height: 15px;\"><a href=\"\/de\/rehakliniken\/klinik-schoenberg-ag\/\">Reha<\/a><\/td><td style=\"width: 20%; height: 15px;\">\u00a0<\/td><\/tr><tr style=\"height: 15.0pt;\"><td style=\"height: 15px; width: 20%;\" height=\"20\">G\u00fcttingen<\/td><td style=\"width: 20%; height: 15px;\">Centre de sant\u00e9 Sokrates<\/td><td style=\"width: 20%; height: 15px;\"><a href=\"\/de\/kurhaeuser\/kurhotel-sokrates\/\">Kurhaus<\/a><\/td><td style=\"width: 20%; height: 15px;\">\u00a0<\/td><td style=\"width: 20%; height: 15px;\">\u00a0<\/td><\/tr><tr style=\"height: 15.0pt;\"><td style=\"height: 15px; width: 20%;\" height=\"20\">Heiden<\/td><td style=\"width: 20%; height: 15px;\">Hotel Heiden<\/td><td style=\"width: 20%; height: 15px;\"><a href=\"\/de\/kurhaeuser\/hotel-heiden\/\">Kurhaus<\/a><\/td><td style=\"width: 20%; height: 15px;\">\u00a0<\/td><td style=\"width: 20%; height: 15px;\">\u00a0<\/td><\/tr><tr><td style=\"width: 20%;\">Jakobsbad<\/td><td style=\"width: 20%;\">Kurhotel Jakobsbad<\/td><td style=\"width: 20%;\"><a href=\"https:\/\/www.kuren.ch\/fr\/cures\/hotel-jakobsbad\/\">Kurhaus<\/a><\/td><td style=\"width: 20%;\">\u00a0<\/td><td style=\"width: 20%;\">\u00a0<\/td><\/tr><tr style=\"height: 15.0pt;\"><td style=\"height: 15px; width: 20%;\" height=\"20\">L\u00e4ufelfingen<\/td><td style=\"width: 20%; height: 15px;\">Bad Ramsach Quellhotel<\/td><td style=\"width: 20%; height: 15px;\"><a href=\"\/de\/kurhaeuser\/bad-ramsach-quellhotel\/\">Kurhaus<\/a><\/td><td style=\"width: 20%; height: 15px;\">\u00a0<\/td><td style=\"width: 20%; height: 15px;\"><a href=\"\/de\/thermen\/thermalbad-bad-ramsach\/\">Therme<\/a><\/td><\/tr><tr style=\"height: 15.0pt;\"><td style=\"height: 15px; width: 20%;\" height=\"20\">Leukerbad<\/td><td style=\"width: 20%; height: 15px;\">Therme 51 Hotel Physio und Spa<\/td><td style=\"width: 20%; height: 15px;\">\u00a0<\/td><td style=\"width: 20%; height: 15px;\">\u00a0<\/td><td style=\"width: 20%; height: 15px;\"><a href=\"\/de\/thermen\/thermalbad-therme-leukerbad\/\">Therme<\/a><\/td><\/tr><tr style=\"height: 15.0pt;\"><td style=\"height: 15px; width: 20%;\" height=\"20\">Luzern<\/td><td style=\"width: 20%; height: 15px;\">Kurhaus und Residence Sonnmatt<\/td><td style=\"width: 20%; height: 15px;\"><a href=\"\/de\/kurhaeuser\/kurhotel-sonnmatt\/\">Kurhaus<\/a><\/td><td style=\"width: 20%; height: 15px;\">\u00a0<\/td><td style=\"width: 20%; height: 15px;\">\u00a0<\/td><\/tr><tr style=\"height: 15.0pt;\"><td style=\"height: 15px; width: 20%;\" height=\"20\">Oberhelfenschwil<\/td><td style=\"width: 20%; height: 15px;\">Dorfplatz, Stiftung Liebenau<\/td><td style=\"width: 20%; height: 15px;\"><a href=\"\/de\/kurhaeuser\/dorfplatz-pflege-und-kur\/\">Kurhaus<\/a><\/td><td style=\"width: 20%; height: 15px;\">\u00a0<\/td><td style=\"width: 20%; height: 15px;\"><a href=\"\/de\/thermen\/thermalbad-dorfplatz-solebad\/\">Therme<\/a><\/td><\/tr><tr style=\"height: 15.0pt;\"><td style=\"height: 15px; width: 20%;\" height=\"20\">Oberried<\/td><td style=\"width: 20%; height: 15px;\">Eden Reha- und Kurklinik<\/td><td style=\"width: 20%; height: 15px;\"><a href=\"\/de\/kurhaeuser\/kurhaus-eden\/\">Kurhaus<\/a><\/td><td style=\"width: 20%; height: 15px;\">\u00a0<\/td><td style=\"width: 20%; height: 15px;\">\u00a0<\/td><\/tr><tr style=\"height: 15.0pt;\"><td style=\"height: 15px; width: 20%;\" height=\"20\">Rheinfelden<\/td><td style=\"width: 20%; height: 15px;\">Parkresort Rheinfelden<\/td><td style=\"width: 20%; height: 15px;\"><a href=\"\/de\/kurhaeuser\/park-hotel-am-rhein\/\">Kurhaus<\/a><\/td><td style=\"width: 20%; height: 15px;\"><a href=\"\/de\/rehakliniken\/salina-rehaklinik-im-parkresort-rheinfelden\/\">Reha<\/a><\/td><td style=\"width: 20%; height: 15px;\">\u00a0<\/td><\/tr><tr style=\"height: 15.0pt;\"><td style=\"height: 15px; width: 20%;\" height=\"20\">Rheinfelden<\/td><td style=\"width: 20%; height: 15px;\">Sole Uno<\/td><td style=\"width: 20%; height: 15px;\">\u00a0<\/td><td style=\"width: 20%; height: 15px;\">\u00a0<\/td><td style=\"width: 20%; height: 15px;\"><a href=\"\/de\/thermen\/thermalbad-sole-uno-im-parkresort-rheinfelden\/\">Therme<\/a><\/td><\/tr><tr style=\"height: 15.0pt;\"><td style=\"height: 15px; width: 20%;\" height=\"20\">Ringgenberg<\/td><td style=\"width: 20%; height: 15px;\">Reha-Pflegeklinik Eden<\/td><td style=\"width: 20%; height: 15px;\"><a href=\"\/de\/kurhaeuser\/reha-pflegeklinik-eden\/\">Kurhaus<\/a><\/td><td style=\"width: 20%; height: 15px;\">\u00a0<\/td><td style=\"width: 20%; height: 15px;\">\u00a0<\/td><\/tr><tr><td style=\"width: 20%;\">Saillon<\/td><td style=\"width: 20%;\">Les Bains de Saillon<\/td><td style=\"width: 20%;\">\u00a0<\/td><td style=\"width: 20%;\">\u00a0<\/td><td style=\"width: 20%;\"><a href=\"https:\/\/www.kuren.ch\/de\/betriebe\/les-bains-de-saillon\/\">Therme<\/a><\/td><\/tr><tr style=\"height: 15.0pt;\"><td style=\"height: 15px; width: 20%;\" height=\"20\">Schinznach-Bad<\/td><td style=\"width: 20%; height: 15px;\">Privat-Klinik und Kurhotel Im Park<\/td><td style=\"width: 20%; height: 15px;\"><a href=\"\/de\/kurhaeuser\/kurhotel-im-park\/\">Kurhaus<\/a><\/td><td style=\"width: 20%; height: 15px;\"><a href=\"\/de\/rehakliniken\/privat-klinik-im-park\/\">Reha<\/a><\/td><td style=\"width: 20%; height: 15px;\"><a href=\"\/de\/thermen\/thermalbad-sole-uno-im-parkresort-rheinfelden\/\">Therme<\/a><\/td><\/tr><tr style=\"height: 15.0pt;\"><td style=\"height: 15px; width: 20%;\" height=\"20\">Scuol<\/td><td style=\"width: 20%; height: 15px;\">Bogn Engiadina (Hotel Belv\u00e9d\u00e8re)<\/td><td style=\"width: 20%; height: 15px;\"><a href=\"\/de\/kurhaeuser\/bogn-engiadina-belvedere\/\">Kurhaus<\/a><\/td><td style=\"width: 20%; height: 15px;\">\u00a0<\/td><td style=\"width: 20%; height: 15px;\"><a href=\"\/de\/thermen\/bogn-engiadina-scuol\/\">Therme<\/a><\/td><\/tr><tr style=\"height: 15.0pt;\"><td style=\"height: 15px; width: 20%;\" height=\"20\">Walchwil<\/td><td style=\"width: 20%; height: 15px;\">Zentrum Elisabeth<\/td><td style=\"width: 20%; height: 15px;\"><a href=\"\/de\/kurhaeuser\/zentrum-elisabeth\/\">Kurhaus<\/a><\/td><td style=\"width: 20%; height: 15px;\">\u00a0<\/td><td style=\"width: 20%; height: 15px;\">\u00a0<\/td><\/tr><tr style=\"height: 15.0pt;\"><td style=\"height: 15px; width: 20%;\" height=\"20\">Weggis<\/td><td style=\"width: 20%; height: 15px;\">Kurhaus Seeblick<\/td><td style=\"width: 20%; height: 15px;\"><a href=\"\/de\/kurhaeuser\/kurhaus-seeblick\/\">Kurhaus<\/a><\/td><td style=\"width: 20%; height: 15px;\">\u00a0<\/td><td style=\"width: 20%; height: 15px;\">\u00a0<\/td><\/tr><tr style=\"height: 15.0pt;\"><td style=\"height: 15px; width: 20%;\" height=\"20\">Weissbad<\/td><td style=\"width: 20%; height: 15px;\">Klinik im Hof \/ Hotel Hofweissbad \u2014 Appenzell und Gesundheit<\/td><td style=\"width: 20%; height: 15px;\"><a href=\"\/de\/kurhaeuser\/kurhotel-hof-weissbad\/\">Kurhaus<\/a><\/td><td style=\"width: 20%; height: 15px;\"><a href=\"\/de\/rehakliniken\/hof-weissbad-klinik-im-hof\/\">Reha<\/a><\/td><td style=\"width: 20%; height: 15px;\">\u00a0<\/td><\/tr><tr style=\"height: 15.0pt;\"><td style=\"height: 15px; width: 20%;\" height=\"20\">Wildhaus<\/td><td style=\"width: 20%; height: 15px;\">Sunnehus, Kur- und Bildungszentrum<\/td><td style=\"width: 20%; height: 15px;\"><a href=\"\/de\/kurhaeuser\/sunnehus-kur-und-bildung\/\">Kurhaus<\/a><\/td><td style=\"width: 20%; height: 15px;\">\u00a0<\/td><td style=\"width: 20%; height: 15px;\">\u00a0<\/td><\/tr><tr style=\"height: 15.0pt;\"><td style=\"height: 15px; width: 20%;\" height=\"20\">Wilen \/ Sarnen<\/td><td style=\"width: 20%; height: 15px;\">Kurhaus am Sarnersee<\/td><td style=\"width: 20%; height: 15px;\"><a href=\"\/de\/kurhaeuser\/kurhaus-am-sarnersee-quelle-der-kraft\/\">Kurhaus<\/a><\/td><td style=\"width: 20%; height: 15px;\">\u00a0<\/td><td style=\"width: 20%; height: 15px;\">\u00a0<\/td><\/tr><tr style=\"height: 15.0pt;\"><td style=\"height: 15px; width: 20%;\" height=\"20\">diverse Orte<\/td><td style=\"width: 20%; height: 15px;\">IAHA Kurwohnungen<\/td><td style=\"width: 20%; height: 15px;\"><a href=\"https:\/\/www.kuren.ch\/de\/betriebe\/iaha-kurwohnungen\/\">Kurhaus<\/a><\/td><td style=\"width: 20%; height: 15px;\">\u00a0<\/td><td style=\"width: 20%; height: 15px;\">\u00a0<\/td><\/tr><\/tbody><\/table>\t\t\t\t\t\t\t\t<\/div>\n\t\t\t\t<\/div>\n\t\t\t\t<\/div>\n\t\t<div class=\"elementor-element elementor-element-10f1cb8 e-con-full e-flex e-con e-parent\" data-id=\"10f1cb8\" data-element_type=\"container\" data-e-type=\"container\">\n\t\t\t\t<div class=\"elementor-element elementor-element-0e6ff48 elementor-widget__width-inherit elementor-widget elementor-widget-login\" data-id=\"0e6ff48\" data-element_type=\"widget\" data-e-type=\"widget\" data-widget_type=\"login.default\">\n\t\t\t\t<div class=\"elementor-widget-container\">\n\t\t\t\t\t\t\t<form class=\"elementor-login elementor-form\" method=\"post\" action=\"https:\/\/www.kuren.ch\/fr\/miralogin\/\" aria-label=\"Login form\">\n\t\t\t<input type=\"hidden\" name=\"redirect_to\" value=\"\/fr\/wp-json\/wp\/v2\/pages\/1746\/\">\n\t\t\t<div class=\"elementor-form-fields-wrapper\">\n\t\t\t\t<div class=\"elementor-field-type-text elementor-field-group elementor-column elementor-col-100 elementor-field-required\">\n\t\t\t\t\t<label for=\"user-0e6ff48\" class=\"elementor-field-label\">Username or Email Address<\/label>\n\t\t\t\t\t<input size=\"1\" type=\"text\" name=\"log\" id=\"user-0e6ff48\" placeholder=\"\" class=\"elementor-field elementor-field-textual elementor-size-sm\">\n\t\t\t\t<\/div>\n\t\t\t\t<div class=\"elementor-field-type-text elementor-field-group elementor-column elementor-col-100 elementor-field-required\">\n\t\t\t\t\t<label for=\"password-0e6ff48\" class=\"elementor-field-label\">Password<\/label>\n\t\t\t\t\t<input size=\"1\" type=\"password\" name=\"pwd\" id=\"password-0e6ff48\" placeholder=\"\" class=\"elementor-field elementor-field-textual elementor-size-sm\">\n\t\t\t\t<\/div>\n\n\t\t\t\t\t\t\t\t\t<div class=\"elementor-field-type-checkbox elementor-field-group elementor-column elementor-col-100 elementor-remember-me\">\n\t\t\t\t\t\t<label for=\"elementor-login-remember-me\">\n\t\t\t\t\t\t\t<input type=\"checkbox\" id=\"elementor-login-remember-me\" name=\"rememberme\" value=\"forever\">\n\t\t\t\t\t\t\tRemember Me\t\t\t\t\t\t<\/label>\n\t\t\t\t\t<\/div>\n\t\t\t\t\n\t\t\t\t<div class=\"elementor-field-group elementor-column elementor-field-type-submit elementor-col-100\">\n\t\t\t\t\t<button type=\"submit\" class=\"elementor-size-sm elementor-button\" name=\"wp-submit\">\n\t\t\t\t\t\t\t\t\t\t\t\t\t\t\t<span class=\"elementor-button-text\">Log In<\/span>\n\t\t\t\t\t\t\t\t\t\t\t\t<\/button>\n\t\t\t\t<\/div>\n\n\t\t\t\t\t\t\t\t\t<div class=\"elementor-field-group elementor-column elementor-col-100\">\n\t\t\t\t\t\t\t\t\t\t\t\t\t\t\t\t\t\t\t\t<a class=\"elementor-lost-password\" href=\"https:\/\/www.kuren.ch\/fr\/miralogin\/?action=lostpassword&redirect_to=%2Ffr%2Fwp-json%2Fwp%2Fv2%2Fpages%2F1746%2F\">\n\t\t\t\t\t\t\t\tLost your password?\t\t\t\t\t\t\t<\/a>\n\t\t\t\t\t\t\n\t\t\t\t\t\t\t\t\t\t\t<\/div>\n\t\t\t\t\t\t\t<\/div>\n\t\t<\/form>\n\t\t\t\t\t\t<\/div>\n\t\t\t\t<\/div>\n\t\t\t\t<\/div>\n\t\t\t\t<\/div>\n\t\t","protected":false},"excerpt":{"rendered":"<p>Qui peut devenir membre Cliniques de r\u00e9adaptation (avec mandat de prestations sur les listes hospitali\u00e8res cantonales), maisons de cure, stations thermales et h\u00f4tels de sant\u00e9 en Suisse, qui remplissent les crit\u00e8res de qualit\u00e9 exig\u00e9s. Nous nous ferons un plaisir de vous informer sur place afin de vous pr\u00e9senter les avantages et les possibilit\u00e9s d&#8217;une adh\u00e9sion [&hellip;]<\/p>\n","protected":false},"author":43,"featured_media":0,"parent":1731,"menu_order":0,"comment_status":"closed","ping_status":"closed","template":"","meta":{"_acf_changed":false,"footnotes":""},"class_list":["post-1746","page","type-page","status-publish","hentry"],"acf":[],"yoast_head":"<!-- This site is optimized with the Yoast SEO plugin v27.3 - https:\/\/yoast.com\/product\/yoast-seo-wordpress\/ -->\n<title>Membres - Heilb\u00e4der und Kurh\u00e4user Schweiz<\/title>\n<meta name=\"description\" content=\"Devenez membre de Heilb\u00e4der und Kurh\u00e4user Schweiz et profitez des activit\u00e9s de marketing, du travail de l&#039;association et de la gestion de la qualit\u00e9.\" \/>\n<meta name=\"robots\" content=\"index, follow, max-snippet:-1, max-image-preview:large, max-video-preview:-1\" \/>\n<link rel=\"canonical\" href=\"https:\/\/www.kuren.ch\/fr\/service\/devenir-membre\/\" \/>\n<meta property=\"og:locale\" content=\"fr_FR\" \/>\n<meta property=\"og:type\" content=\"article\" \/>\n<meta property=\"og:title\" content=\"Membres - Heilb\u00e4der und Kurh\u00e4user Schweiz\" \/>\n<meta property=\"og:description\" content=\"Devenez membre de Heilb\u00e4der und Kurh\u00e4user Schweiz et profitez des activit\u00e9s de marketing, du travail de l&#039;association et de la gestion de la qualit\u00e9.\" \/>\n<meta property=\"og:url\" content=\"https:\/\/www.kuren.ch\/fr\/service\/devenir-membre\/\" \/>\n<meta property=\"og:site_name\" content=\"Heilb\u00e4der und Kurh\u00e4user Schweiz\" \/>\n<meta property=\"article:publisher\" content=\"https:\/\/www.facebook.com\/KurenSchweiz\/\" \/>\n<meta property=\"article:modified_time\" content=\"2025-10-14T08:22:04+00:00\" \/>\n<meta name=\"twitter:card\" content=\"summary_large_image\" \/>\n<meta name=\"twitter:label1\" content=\"Dur\u00e9e de lecture estim\u00e9e\" \/>\n\t<meta name=\"twitter:data1\" content=\"2 minutes\" \/>\n<script type=\"application\/ld+json\" class=\"yoast-schema-graph\">{\"@context\":\"https:\\\/\\\/schema.org\",\"@graph\":[{\"@type\":\"WebPage\",\"@id\":\"https:\\\/\\\/www.kuren.ch\\\/fr\\\/service\\\/devenir-membre\\\/\",\"url\":\"https:\\\/\\\/www.kuren.ch\\\/fr\\\/service\\\/devenir-membre\\\/\",\"name\":\"Membres - Heilb\u00e4der und Kurh\u00e4user Schweiz\",\"isPartOf\":{\"@id\":\"https:\\\/\\\/www.kuren.ch\\\/fr\\\/#website\"},\"datePublished\":\"2016-10-17T14:11:34+00:00\",\"dateModified\":\"2025-10-14T08:22:04+00:00\",\"description\":\"Devenez membre de Heilb\u00e4der und Kurh\u00e4user Schweiz et profitez des activit\u00e9s de marketing, du travail de l'association et de la gestion de la qualit\u00e9.\",\"breadcrumb\":{\"@id\":\"https:\\\/\\\/www.kuren.ch\\\/fr\\\/service\\\/devenir-membre\\\/#breadcrumb\"},\"inLanguage\":\"fr-FR\",\"potentialAction\":[{\"@type\":\"ReadAction\",\"target\":[\"https:\\\/\\\/www.kuren.ch\\\/fr\\\/service\\\/devenir-membre\\\/\"]}]},{\"@type\":\"BreadcrumbList\",\"@id\":\"https:\\\/\\\/www.kuren.ch\\\/fr\\\/service\\\/devenir-membre\\\/#breadcrumb\",\"itemListElement\":[{\"@type\":\"ListItem\",\"position\":1,\"name\":\"Startseite\",\"item\":\"https:\\\/\\\/www.kuren.ch\\\/fr\\\/\"},{\"@type\":\"ListItem\",\"position\":2,\"name\":\"Services\",\"item\":\"https:\\\/\\\/www.kuren.ch\\\/fr\\\/service\\\/\"},{\"@type\":\"ListItem\",\"position\":3,\"name\":\"Membres\"}]},{\"@type\":\"WebSite\",\"@id\":\"https:\\\/\\\/www.kuren.ch\\\/fr\\\/#website\",\"url\":\"https:\\\/\\\/www.kuren.ch\\\/fr\\\/\",\"name\":\"Heilb\u00e4der und Kurh\u00e4user Schweiz\",\"description\":\"Ihre direkte Verbindung zu mehr und neuer Lebensfreude\",\"publisher\":{\"@id\":\"https:\\\/\\\/www.kuren.ch\\\/fr\\\/#organization\"},\"potentialAction\":[{\"@type\":\"SearchAction\",\"target\":{\"@type\":\"EntryPoint\",\"urlTemplate\":\"https:\\\/\\\/www.kuren.ch\\\/fr\\\/?s={search_term_string}\"},\"query-input\":{\"@type\":\"PropertyValueSpecification\",\"valueRequired\":true,\"valueName\":\"search_term_string\"}}],\"inLanguage\":\"fr-FR\"},{\"@type\":\"Organization\",\"@id\":\"https:\\\/\\\/www.kuren.ch\\\/fr\\\/#organization\",\"name\":\"Heilb\u00e4der und Kurh\u00e4user Schweiz\",\"url\":\"https:\\\/\\\/www.kuren.ch\\\/fr\\\/\",\"logo\":{\"@type\":\"ImageObject\",\"inLanguage\":\"fr-FR\",\"@id\":\"https:\\\/\\\/www.kuren.ch\\\/fr\\\/#\\\/schema\\\/logo\\\/image\\\/\",\"url\":false,\"contentUrl\":false,\"width\":118,\"height\":147,\"caption\":\"Heilb\u00e4der und Kurh\u00e4user Schweiz\"},\"image\":{\"@id\":\"https:\\\/\\\/www.kuren.ch\\\/fr\\\/#\\\/schema\\\/logo\\\/image\\\/\"},\"sameAs\":[\"https:\\\/\\\/www.facebook.com\\\/KurenSchweiz\\\/\",\"https:\\\/\\\/www.instagram.com\\\/heilbaeder_kurhaeuser\\\/\"]}]}<\/script>\n<!-- \/ Yoast SEO plugin. -->","yoast_head_json":{"title":"Membres - Heilb\u00e4der und Kurh\u00e4user Schweiz","description":"Devenez membre de Heilb\u00e4der und Kurh\u00e4user Schweiz et profitez des activit\u00e9s de marketing, du travail de l'association et de la gestion de la qualit\u00e9.","robots":{"index":"index","follow":"follow","max-snippet":"max-snippet:-1","max-image-preview":"max-image-preview:large","max-video-preview":"max-video-preview:-1"},"canonical":"https:\/\/www.kuren.ch\/fr\/service\/devenir-membre\/","og_locale":"fr_FR","og_type":"article","og_title":"Membres - Heilb\u00e4der und Kurh\u00e4user Schweiz","og_description":"Devenez membre de Heilb\u00e4der und Kurh\u00e4user Schweiz et profitez des activit\u00e9s de marketing, du travail de l'association et de la gestion de la qualit\u00e9.","og_url":"https:\/\/www.kuren.ch\/fr\/service\/devenir-membre\/","og_site_name":"Heilb\u00e4der und Kurh\u00e4user Schweiz","article_publisher":"https:\/\/www.facebook.com\/KurenSchweiz\/","article_modified_time":"2025-10-14T08:22:04+00:00","twitter_card":"summary_large_image","twitter_misc":{"Dur\u00e9e de lecture estim\u00e9e":"2 minutes"},"schema":{"@context":"https:\/\/schema.org","@graph":[{"@type":"WebPage","@id":"https:\/\/www.kuren.ch\/fr\/service\/devenir-membre\/","url":"https:\/\/www.kuren.ch\/fr\/service\/devenir-membre\/","name":"Membres - Heilb\u00e4der und Kurh\u00e4user Schweiz","isPartOf":{"@id":"https:\/\/www.kuren.ch\/fr\/#website"},"datePublished":"2016-10-17T14:11:34+00:00","dateModified":"2025-10-14T08:22:04+00:00","description":"Devenez membre de Heilb\u00e4der und Kurh\u00e4user Schweiz et profitez des activit\u00e9s de marketing, du travail de l'association et de la gestion de la qualit\u00e9.","breadcrumb":{"@id":"https:\/\/www.kuren.ch\/fr\/service\/devenir-membre\/#breadcrumb"},"inLanguage":"fr-FR","potentialAction":[{"@type":"ReadAction","target":["https:\/\/www.kuren.ch\/fr\/service\/devenir-membre\/"]}]},{"@type":"BreadcrumbList","@id":"https:\/\/www.kuren.ch\/fr\/service\/devenir-membre\/#breadcrumb","itemListElement":[{"@type":"ListItem","position":1,"name":"Startseite","item":"https:\/\/www.kuren.ch\/fr\/"},{"@type":"ListItem","position":2,"name":"Services","item":"https:\/\/www.kuren.ch\/fr\/service\/"},{"@type":"ListItem","position":3,"name":"Membres"}]},{"@type":"WebSite","@id":"https:\/\/www.kuren.ch\/fr\/#website","url":"https:\/\/www.kuren.ch\/fr\/","name":"Heilb\u00e4der und Kurh\u00e4user Schweiz","description":"Ihre direkte Verbindung zu mehr und neuer Lebensfreude","publisher":{"@id":"https:\/\/www.kuren.ch\/fr\/#organization"},"potentialAction":[{"@type":"SearchAction","target":{"@type":"EntryPoint","urlTemplate":"https:\/\/www.kuren.ch\/fr\/?s={search_term_string}"},"query-input":{"@type":"PropertyValueSpecification","valueRequired":true,"valueName":"search_term_string"}}],"inLanguage":"fr-FR"},{"@type":"Organization","@id":"https:\/\/www.kuren.ch\/fr\/#organization","name":"Heilb\u00e4der und Kurh\u00e4user Schweiz","url":"https:\/\/www.kuren.ch\/fr\/","logo":{"@type":"ImageObject","inLanguage":"fr-FR","@id":"https:\/\/www.kuren.ch\/fr\/#\/schema\/logo\/image\/","url":false,"contentUrl":false,"width":118,"height":147,"caption":"Heilb\u00e4der und Kurh\u00e4user Schweiz"},"image":{"@id":"https:\/\/www.kuren.ch\/fr\/#\/schema\/logo\/image\/"},"sameAs":["https:\/\/www.facebook.com\/KurenSchweiz\/","https:\/\/www.instagram.com\/heilbaeder_kurhaeuser\/"]}]}},"_links":{"self":[{"href":"https:\/\/www.kuren.ch\/fr\/wp-json\/wp\/v2\/pages\/1746\/"}],"collection":[{"href":"https:\/\/www.kuren.ch\/fr\/wp-json\/wp\/v2\/pages\/"}],"about":[{"href":"https:\/\/www.kuren.ch\/fr\/wp-json\/wp\/v2\/types\/page\/"}],"author":[{"embeddable":true,"href":"https:\/\/www.kuren.ch\/fr\/wp-json\/wp\/v2\/users\/43\/"}],"replies":[{"embeddable":true,"href":"https:\/\/www.kuren.ch\/fr\/wp-json\/wp\/v2\/comments\/?post=1746"}],"version-history":[{"count":159,"href":"https:\/\/www.kuren.ch\/fr\/wp-json\/wp\/v2\/pages\/1746\/revisions\/"}],"predecessor-version":[{"id":28444,"href":"https:\/\/www.kuren.ch\/fr\/wp-json\/wp\/v2\/pages\/1746\/revisions\/28444\/"}],"up":[{"embeddable":true,"href":"https:\/\/www.kuren.ch\/fr\/wp-json\/wp\/v2\/pages\/1731\/"}],"wp:attachment":[{"href":"https:\/\/www.kuren.ch\/fr\/wp-json\/wp\/v2\/media\/?parent=1746"}],"curies":[{"name":"wp","href":"https:\/\/api.w.org\/{rel}","templated":true}]}}