{"id":14029,"date":"2022-05-05T10:49:09","date_gmt":"2022-05-05T08:49:09","guid":{"rendered":"https:\/\/www.kuren.ch\/?page_id=14029"},"modified":"2022-09-16T11:50:31","modified_gmt":"2022-09-16T09:50:31","slug":"thermenpass","status":"publish","type":"page","link":"https:\/\/www.kuren.ch\/de\/thermen\/thermenpass\/","title":{"rendered":"Schweizer Sommer-Thermenpass"},"content":{"rendered":"\t\t<div data-elementor-type=\"wp-page\" data-elementor-id=\"14029\" class=\"elementor elementor-14029\" data-elementor-post-type=\"page\">\n\t\t\t\t\t\t<section class=\"elementor-section elementor-top-section elementor-element elementor-element-17caf4e elementor-section-full_width elementor-section-height-default elementor-section-height-default\" data-id=\"17caf4e\" data-element_type=\"section\" data-e-type=\"section\">\n\t\t\t\t\t\t<div class=\"elementor-container elementor-column-gap-default\">\n\t\t\t\t\t<div class=\"elementor-column elementor-col-66 elementor-top-column elementor-element elementor-element-1c9c467\" data-id=\"1c9c467\" data-element_type=\"column\" data-e-type=\"column\">\n\t\t\t<div class=\"elementor-widget-wrap elementor-element-populated\">\n\t\t\t\t\t\t<section class=\"elementor-section elementor-inner-section elementor-element elementor-element-98e5eed fachpersonen-section elementor-section-boxed elementor-section-height-default elementor-section-height-default\" data-id=\"98e5eed\" data-element_type=\"section\" data-e-type=\"section\">\n\t\t\t\t\t\t<div class=\"elementor-container elementor-column-gap-default\">\n\t\t\t\t\t<div class=\"elementor-column elementor-col-100 elementor-inner-column elementor-element elementor-element-f8366f2\" data-id=\"f8366f2\" data-element_type=\"column\" data-e-type=\"column\">\n\t\t\t<div class=\"elementor-widget-wrap elementor-element-populated\">\n\t\t\t\t\t\t<div class=\"elementor-element elementor-element-0086d41 small-content elementor-widget elementor-widget-text-editor\" data-id=\"0086d41\" data-element_type=\"widget\" data-e-type=\"widget\" data-widget_type=\"text-editor.default\">\n\t\t\t\t<div class=\"elementor-widget-container\">\n\t\t\t\t\t\t\t\t\t<p><span style=\"font-size: 20px;\"><strong>Tun<\/strong><b> Sie Ihrer Seele und Ihrem K\u00f6rper diesen Sommer etwas Gutes. Geniessen Sie die<\/b> <b>wohltuende und heilende Wirkung des Wassers unserer sch\u00f6nen Schweizer Thermal- und Mineralb\u00e4der. Der neue Sommer-Thermenpass bietet Ihnen einfach und unkompliziert Entspannung pur!<\/b><\/span><\/p>\t\t\t\t\t\t\t\t<\/div>\n\t\t\t\t<\/div>\n\t\t\t\t\t<\/div>\n\t\t<\/div>\n\t\t\t\t\t<\/div>\n\t\t<\/section>\n\t\t\t\t<section class=\"elementor-section elementor-inner-section elementor-element elementor-element-3840add fachpersonen-section elementor-section-boxed elementor-section-height-default elementor-section-height-default\" data-id=\"3840add\" data-element_type=\"section\" data-e-type=\"section\">\n\t\t\t\t\t\t<div class=\"elementor-container elementor-column-gap-default\">\n\t\t\t\t\t<div class=\"elementor-column elementor-col-100 elementor-inner-column elementor-element elementor-element-29a6bec\" data-id=\"29a6bec\" data-element_type=\"column\" data-e-type=\"column\">\n\t\t\t<div class=\"elementor-widget-wrap elementor-element-populated\">\n\t\t\t\t\t\t<div class=\"elementor-element elementor-element-e2ffdd7 small-content elementor-widget elementor-widget-text-editor\" data-id=\"e2ffdd7\" data-element_type=\"widget\" data-e-type=\"widget\" data-widget_type=\"text-editor.default\">\n\t\t\t\t<div class=\"elementor-widget-container\">\n\t\t\t\t\t\t\t\t\t<p>\u00a0<\/p><p><span style=\"font-size: 20px;\">Besonders in den Sommermonaten sind die Thermen nicht voll belegt. Sie als Besucherin oder Besucher haben mehr Platz und Raum, um die Becken, die B\u00e4der, den Aussenbereich und die Liegewiesen in vollen Z\u00fcgen zu geniessen. Das macht die Thermen zu den perfekten Destinationen f\u00fcr Entspannung und Wellness im Sommer.<\/span><\/p><p><span style=\"font-size: 20px;\">\u00a0<\/span><\/p><p>\u00a0<\/p><p><span style=\"font-size: 20px;\">Damit f\u00fcr Sie dieser Genuss so einfach wie m\u00f6glich wird, haben wir den Sommer-Thermenpass lanciert. Zum einmaligen Pauschalpreis von bietet er Ihnen Zugang zu 10 wundersch\u00f6nen Thermal- und Mineralb\u00e4dern in der Schweiz.\u00a0<\/span><\/p><p><span style=\"font-size: 20px;\">\u00a0<\/span><\/p><p>\u00a0<\/p><p>Das macht den Sommer-Thermenpass zum unschlagbaren Angebot, welches sich schon nach wenigen Besuchen auszahlt. Von Ihnen genutzte Zusatzleistungen wie Sauna, Behandlungen etc. begleichen Sie einfach und unkompliziert vor Ort.<\/p><p>\u00a0<\/p>\t\t\t\t\t\t\t\t<\/div>\n\t\t\t\t<\/div>\n\t\t\t\t\t<\/div>\n\t\t<\/div>\n\t\t\t\t\t<\/div>\n\t\t<\/section>\n\t\t\t\t\t<\/div>\n\t\t<\/div>\n\t\t\t\t<div class=\"elementor-column elementor-col-33 elementor-top-column elementor-element elementor-element-78e57e8\" data-id=\"78e57e8\" data-element_type=\"column\" data-e-type=\"column\" data-settings=\"{&quot;background_background&quot;:&quot;classic&quot;}\">\n\t\t\t<div class=\"elementor-widget-wrap elementor-element-populated\">\n\t\t\t\t\t\t<div class=\"elementor-element elementor-element-5977035 elementor-widget elementor-widget-image\" data-id=\"5977035\" data-element_type=\"widget\" data-e-type=\"widget\" data-widget_type=\"image.default\">\n\t\t\t\t<div class=\"elementor-widget-container\">\n\t\t\t\t\t\t\t\t\t\t\t\t\t\t\t<img decoding=\"async\" src=\"https:\/\/www.kuren.ch\/wp-content\/uploads\/2022\/05\/HKS.jpg\" title=\"\" alt=\"Thermenpass\" loading=\"lazy\" \/>\t\t\t\t\t\t\t\t\t\t\t\t\t\t\t<\/div>\n\t\t\t\t<\/div>\n\t\t\t\t<section class=\"elementor-section elementor-inner-section elementor-element elementor-element-c67b1a5 elementor-section-boxed elementor-section-height-default elementor-section-height-default\" data-id=\"c67b1a5\" data-element_type=\"section\" data-e-type=\"section\">\n\t\t\t\t\t\t<div class=\"elementor-container elementor-column-gap-default\">\n\t\t\t\t\t<div class=\"elementor-column elementor-col-100 elementor-inner-column elementor-element elementor-element-bada37b\" data-id=\"bada37b\" data-element_type=\"column\" data-e-type=\"column\">\n\t\t\t<div class=\"elementor-widget-wrap elementor-element-populated\">\n\t\t\t\t\t\t<div class=\"elementor-element elementor-element-c9071ed small-content elementor-widget elementor-widget-text-editor\" data-id=\"c9071ed\" data-element_type=\"widget\" data-e-type=\"widget\" data-widget_type=\"text-editor.default\">\n\t\t\t\t<div class=\"elementor-widget-container\">\n\t\t\t\t\t\t\t\t\t<p>Der Sommer Thermenpass war bis Mitte September 2022 g\u00fcltig.&nbsp;<\/p>\t\t\t\t\t\t\t\t<\/div>\n\t\t\t\t<\/div>\n\t\t\t\t<div class=\"elementor-element elementor-element-bb90ef7 elementor-widget-divider--view-line elementor-widget elementor-widget-divider\" data-id=\"bb90ef7\" data-element_type=\"widget\" data-e-type=\"widget\" data-widget_type=\"divider.default\">\n\t\t\t\t<div class=\"elementor-widget-container\">\n\t\t\t\t\t\t\t<div class=\"elementor-divider\">\n\t\t\t<span class=\"elementor-divider-separator\">\n\t\t\t\t\t\t<\/span>\n\t\t<\/div>\n\t\t\t\t\t\t<\/div>\n\t\t\t\t<\/div>\n\t\t\t\t\t<\/div>\n\t\t<\/div>\n\t\t\t\t\t<\/div>\n\t\t<\/section>\n\t\t\t\t<section class=\"elementor-section elementor-inner-section elementor-element elementor-element-586507e elementor-section-boxed elementor-section-height-default elementor-section-height-default\" data-id=\"586507e\" data-element_type=\"section\" data-e-type=\"section\">\n\t\t\t\t\t\t<div class=\"elementor-container elementor-column-gap-default\">\n\t\t\t\t\t<div class=\"elementor-column elementor-col-100 elementor-inner-column elementor-element elementor-element-ede6a79\" data-id=\"ede6a79\" data-element_type=\"column\" data-e-type=\"column\">\n\t\t\t<div class=\"elementor-widget-wrap elementor-element-populated\">\n\t\t\t\t\t\t<div class=\"elementor-element elementor-element-ac9b8e9 small-content elementor-widget elementor-widget-text-editor\" data-id=\"ac9b8e9\" data-element_type=\"widget\" data-e-type=\"widget\" data-widget_type=\"text-editor.default\">\n\t\t\t\t<div class=\"elementor-widget-container\">\n\t\t\t\t\t\t\t\t\t<p><b>Angebot Sommer Thermenpass 2023 folgt in K\u00fcrze<\/b><\/p>\t\t\t\t\t\t\t\t<\/div>\n\t\t\t\t<\/div>\n\t\t\t\t<div class=\"elementor-element elementor-element-31f0428 elementor-widget-divider--view-line elementor-widget elementor-widget-divider\" data-id=\"31f0428\" data-element_type=\"widget\" data-e-type=\"widget\" data-widget_type=\"divider.default\">\n\t\t\t\t<div class=\"elementor-widget-container\">\n\t\t\t\t\t\t\t<div class=\"elementor-divider\">\n\t\t\t<span class=\"elementor-divider-separator\">\n\t\t\t\t\t\t<\/span>\n\t\t<\/div>\n\t\t\t\t\t\t<\/div>\n\t\t\t\t<\/div>\n\t\t\t\t\t<\/div>\n\t\t<\/div>\n\t\t\t\t\t<\/div>\n\t\t<\/section>\n\t\t\t\t\t<\/div>\n\t\t<\/div>\n\t\t\t\t\t<\/div>\n\t\t<\/section>\n\t\t\t\t<section class=\"elementor-section elementor-top-section elementor-element elementor-element-3927ee7 elementor-section-full_width elementor-section-height-default elementor-section-height-default\" data-id=\"3927ee7\" data-element_type=\"section\" data-e-type=\"section\">\n\t\t\t\t\t\t<div class=\"elementor-container elementor-column-gap-default\">\n\t\t\t\t\t<div class=\"elementor-column elementor-col-100 elementor-top-column elementor-element elementor-element-38a3f74\" data-id=\"38a3f74\" data-element_type=\"column\" data-e-type=\"column\">\n\t\t\t<div class=\"elementor-widget-wrap elementor-element-populated\">\n\t\t\t\t\t\t<div class=\"elementor-element elementor-element-29e2025 elementor-widget elementor-widget-text-editor\" data-id=\"29e2025\" data-element_type=\"widget\" data-e-type=\"widget\" data-widget_type=\"text-editor.default\">\n\t\t\t\t<div class=\"elementor-widget-container\">\n\t\t\t\t\t\t\t\t\t<h2><strong>Teilnehmende Thermen<\/strong><\/h2>\t\t\t\t\t\t\t\t<\/div>\n\t\t\t\t<\/div>\n\t\t\t\t\t<\/div>\n\t\t<\/div>\n\t\t\t\t\t<\/div>\n\t\t<\/section>\n\t\t\t\t<section class=\"elementor-section elementor-top-section elementor-element elementor-element-dbafbea elementor-section-full_width fachpersonen-section elementor-section-height-default elementor-section-height-default\" data-id=\"dbafbea\" data-element_type=\"section\" data-e-type=\"section\">\n\t\t\t\t\t\t<div class=\"elementor-container elementor-column-gap-default\">\n\t\t\t\t\t<div class=\"elementor-column elementor-col-50 elementor-top-column elementor-element elementor-element-8267285\" data-id=\"8267285\" data-element_type=\"column\" data-e-type=\"column\">\n\t\t\t<div class=\"elementor-widget-wrap elementor-element-populated\">\n\t\t\t\t\t\t<section class=\"elementor-section elementor-inner-section elementor-element elementor-element-155484e elementor-section-boxed elementor-section-height-default elementor-section-height-default\" data-id=\"155484e\" data-element_type=\"section\" data-e-type=\"section\">\n\t\t\t\t\t\t<div class=\"elementor-container elementor-column-gap-default\">\n\t\t\t\t\t<div class=\"elementor-column elementor-col-50 elementor-inner-column elementor-element elementor-element-cad6dac\" data-id=\"cad6dac\" data-element_type=\"column\" data-e-type=\"column\">\n\t\t\t<div class=\"elementor-widget-wrap elementor-element-populated\">\n\t\t\t\t\t\t<div class=\"elementor-element elementor-element-2c5f9ee small-content elementor-widget elementor-widget-text-editor\" data-id=\"2c5f9ee\" data-element_type=\"widget\" data-e-type=\"widget\" data-widget_type=\"text-editor.default\">\n\t\t\t\t<div class=\"elementor-widget-container\">\n\t\t\t\t\t\t\t\t\t<p><strong>Schamser Heilbad, Andeer<\/strong><\/p><p>Eintritt f\u00fcr 2 Stunden<\/p>\t\t\t\t\t\t\t\t<\/div>\n\t\t\t\t<\/div>\n\t\t\t\t\t<\/div>\n\t\t<\/div>\n\t\t\t\t<div class=\"elementor-column elementor-col-50 elementor-inner-column elementor-element elementor-element-94ef9c9\" data-id=\"94ef9c9\" data-element_type=\"column\" data-e-type=\"column\">\n\t\t\t<div class=\"elementor-widget-wrap elementor-element-populated\">\n\t\t\t\t\t\t<div class=\"elementor-element elementor-element-049ea1a small-content elementor-widget elementor-widget-text-editor\" data-id=\"049ea1a\" data-element_type=\"widget\" data-e-type=\"widget\" data-widget_type=\"text-editor.default\">\n\t\t\t\t<div class=\"elementor-widget-container\">\n\t\t\t\t\t\t\t\t\t<p style=\"text-align: right;\"><b>Graub\u00fcnden<\/b><\/p>\t\t\t\t\t\t\t\t<\/div>\n\t\t\t\t<\/div>\n\t\t\t\t\t<\/div>\n\t\t<\/div>\n\t\t\t\t\t<\/div>\n\t\t<\/section>\n\t\t\t\t\t<\/div>\n\t\t<\/div>\n\t\t\t\t<div class=\"elementor-column elementor-col-50 elementor-top-column elementor-element elementor-element-02fbb55\" data-id=\"02fbb55\" data-element_type=\"column\" data-e-type=\"column\">\n\t\t\t<div class=\"elementor-widget-wrap elementor-element-populated\">\n\t\t\t\t\t\t<div class=\"elementor-element elementor-element-1c73426 elementor-link elementor-widget elementor-widget-button\" data-id=\"1c73426\" data-element_type=\"widget\" data-e-type=\"widget\" data-widget_type=\"button.default\">\n\t\t\t\t<div class=\"elementor-widget-container\">\n\t\t\t\t\t\t\t\t\t<div class=\"elementor-button-wrapper\">\n\t\t\t\t\t<a class=\"elementor-button elementor-button-link elementor-size-sm\" href=\"https:\/\/www.kuren.ch\/de\/thermen\/thermalbad-schamser-heilbad-andeer\/\" target=\"_blank\">\n\t\t\t\t\t\t<span class=\"elementor-button-content-wrapper\">\n\t\t\t\t\t\t<span class=\"elementor-button-icon\">\n\t\t\t\t<svg xmlns=\"http:\/\/www.w3.org\/2000\/svg\" width=\"22.1\" height=\"20.233\" viewBox=\"-0.017 0 22.1 20.233\"><path d=\"m9.11 0 9.095 9.095H0v2.02h18.205L9.11 20.21h2.852l10.104-10.105L11.962 0H9.11Z\" fill=\"#a72675\" fill-rule=\"evenodd\" data-name=\"Pfad 54\"><\/path><\/svg>\t\t\t<\/span>\n\t\t\t\t\t\t\t\t\t<span class=\"elementor-button-text\">Schamser Heilbad<\/span>\n\t\t\t\t\t<\/span>\n\t\t\t\t\t<\/a>\n\t\t\t\t<\/div>\n\t\t\t\t\t\t\t\t<\/div>\n\t\t\t\t<\/div>\n\t\t\t\t\t<\/div>\n\t\t<\/div>\n\t\t\t\t\t<\/div>\n\t\t<\/section>\n\t\t\t\t<section class=\"elementor-section elementor-top-section elementor-element elementor-element-2c79634 elementor-section-full_width fachpersonen-section elementor-section-height-default elementor-section-height-default\" data-id=\"2c79634\" data-element_type=\"section\" data-e-type=\"section\">\n\t\t\t\t\t\t<div class=\"elementor-container elementor-column-gap-default\">\n\t\t\t\t\t<div class=\"elementor-column elementor-col-50 elementor-top-column elementor-element elementor-element-82c91db\" data-id=\"82c91db\" data-element_type=\"column\" data-e-type=\"column\">\n\t\t\t<div class=\"elementor-widget-wrap elementor-element-populated\">\n\t\t\t\t\t\t<section class=\"elementor-section elementor-inner-section elementor-element elementor-element-366cdc1 elementor-section-boxed elementor-section-height-default elementor-section-height-default\" data-id=\"366cdc1\" data-element_type=\"section\" data-e-type=\"section\">\n\t\t\t\t\t\t<div class=\"elementor-container elementor-column-gap-default\">\n\t\t\t\t\t<div class=\"elementor-column elementor-col-50 elementor-inner-column elementor-element elementor-element-0034ef7\" data-id=\"0034ef7\" data-element_type=\"column\" data-e-type=\"column\">\n\t\t\t<div class=\"elementor-widget-wrap elementor-element-populated\">\n\t\t\t\t\t\t<div class=\"elementor-element elementor-element-b3544e3 small-content elementor-widget elementor-widget-text-editor\" data-id=\"b3544e3\" data-element_type=\"widget\" data-e-type=\"widget\" data-widget_type=\"text-editor.default\">\n\t\t\t\t<div class=\"elementor-widget-container\">\n\t\t\t\t\t\t\t\t\t<p><b>Tamina Therme Bad Ragaz\u00a0<\/b><\/p><p>Eintritt\u00a0 f\u00fcr 2 Stunden<\/p><p>Revision: 13 &#8211; 17. Juni 2022<\/p>\t\t\t\t\t\t\t\t<\/div>\n\t\t\t\t<\/div>\n\t\t\t\t\t<\/div>\n\t\t<\/div>\n\t\t\t\t<div class=\"elementor-column elementor-col-50 elementor-inner-column elementor-element elementor-element-dd423fd\" data-id=\"dd423fd\" data-element_type=\"column\" data-e-type=\"column\">\n\t\t\t<div class=\"elementor-widget-wrap elementor-element-populated\">\n\t\t\t\t\t\t<div class=\"elementor-element elementor-element-fc52a29 small-content elementor-widget elementor-widget-text-editor\" data-id=\"fc52a29\" data-element_type=\"widget\" data-e-type=\"widget\" data-widget_type=\"text-editor.default\">\n\t\t\t\t<div class=\"elementor-widget-container\">\n\t\t\t\t\t\t\t\t\t<p style=\"text-align: right;\"><b>Ostschweiz<\/b><\/p>\t\t\t\t\t\t\t\t<\/div>\n\t\t\t\t<\/div>\n\t\t\t\t\t<\/div>\n\t\t<\/div>\n\t\t\t\t\t<\/div>\n\t\t<\/section>\n\t\t\t\t\t<\/div>\n\t\t<\/div>\n\t\t\t\t<div class=\"elementor-column elementor-col-50 elementor-top-column elementor-element elementor-element-e699dba\" data-id=\"e699dba\" data-element_type=\"column\" data-e-type=\"column\">\n\t\t\t<div class=\"elementor-widget-wrap elementor-element-populated\">\n\t\t\t\t\t\t<div class=\"elementor-element elementor-element-a06721e elementor-link elementor-widget elementor-widget-button\" data-id=\"a06721e\" data-element_type=\"widget\" data-e-type=\"widget\" data-widget_type=\"button.default\">\n\t\t\t\t<div class=\"elementor-widget-container\">\n\t\t\t\t\t\t\t\t\t<div class=\"elementor-button-wrapper\">\n\t\t\t\t\t<a class=\"elementor-button elementor-button-link elementor-size-sm\" href=\"https:\/\/www.kuren.ch\/de\/thermen\/thermalbad-tamina-therme\/\" target=\"_blank\">\n\t\t\t\t\t\t<span class=\"elementor-button-content-wrapper\">\n\t\t\t\t\t\t<span class=\"elementor-button-icon\">\n\t\t\t\t<svg xmlns=\"http:\/\/www.w3.org\/2000\/svg\" width=\"22.1\" height=\"20.233\" viewBox=\"-0.017 0 22.1 20.233\"><path d=\"m9.11 0 9.095 9.095H0v2.02h18.205L9.11 20.21h2.852l10.104-10.105L11.962 0H9.11Z\" fill=\"#a72675\" fill-rule=\"evenodd\" data-name=\"Pfad 54\"><\/path><\/svg>\t\t\t<\/span>\n\t\t\t\t\t\t\t\t\t<span class=\"elementor-button-text\">Tamina Therme<\/span>\n\t\t\t\t\t<\/span>\n\t\t\t\t\t<\/a>\n\t\t\t\t<\/div>\n\t\t\t\t\t\t\t\t<\/div>\n\t\t\t\t<\/div>\n\t\t\t\t\t<\/div>\n\t\t<\/div>\n\t\t\t\t\t<\/div>\n\t\t<\/section>\n\t\t\t\t<section class=\"elementor-section elementor-top-section elementor-element elementor-element-d0521dd elementor-section-full_width fachpersonen-section elementor-section-height-default elementor-section-height-default\" data-id=\"d0521dd\" data-element_type=\"section\" data-e-type=\"section\">\n\t\t\t\t\t\t<div class=\"elementor-container elementor-column-gap-default\">\n\t\t\t\t\t<div class=\"elementor-column elementor-col-50 elementor-top-column elementor-element elementor-element-0dcaa30\" data-id=\"0dcaa30\" data-element_type=\"column\" data-e-type=\"column\">\n\t\t\t<div class=\"elementor-widget-wrap elementor-element-populated\">\n\t\t\t\t\t\t<section class=\"elementor-section elementor-inner-section elementor-element elementor-element-7337209 elementor-section-boxed elementor-section-height-default elementor-section-height-default\" data-id=\"7337209\" data-element_type=\"section\" data-e-type=\"section\">\n\t\t\t\t\t\t<div class=\"elementor-container elementor-column-gap-default\">\n\t\t\t\t\t<div class=\"elementor-column elementor-col-50 elementor-inner-column elementor-element elementor-element-6739297\" data-id=\"6739297\" data-element_type=\"column\" data-e-type=\"column\">\n\t\t\t<div class=\"elementor-widget-wrap elementor-element-populated\">\n\t\t\t\t\t\t<div class=\"elementor-element elementor-element-e6f3727 small-content elementor-widget elementor-widget-text-editor\" data-id=\"e6f3727\" data-element_type=\"widget\" data-e-type=\"widget\" data-widget_type=\"text-editor.default\">\n\t\t\t\t<div class=\"elementor-widget-container\">\n\t\t\t\t\t\t\t\t\t<p><strong>Therme Zurzach, Bad Zurzach<\/strong><\/p><p>Eintritt f\u00fcr 2 Stunden<\/p>\t\t\t\t\t\t\t\t<\/div>\n\t\t\t\t<\/div>\n\t\t\t\t\t<\/div>\n\t\t<\/div>\n\t\t\t\t<div class=\"elementor-column elementor-col-50 elementor-inner-column elementor-element elementor-element-4c631eb\" data-id=\"4c631eb\" data-element_type=\"column\" data-e-type=\"column\">\n\t\t\t<div class=\"elementor-widget-wrap elementor-element-populated\">\n\t\t\t\t\t\t<div class=\"elementor-element elementor-element-111b862 small-content elementor-widget elementor-widget-text-editor\" data-id=\"111b862\" data-element_type=\"widget\" data-e-type=\"widget\" data-widget_type=\"text-editor.default\">\n\t\t\t\t<div class=\"elementor-widget-container\">\n\t\t\t\t\t\t\t\t\t<p style=\"text-align: right;\"><b>Nordschweiz<\/b><\/p>\t\t\t\t\t\t\t\t<\/div>\n\t\t\t\t<\/div>\n\t\t\t\t\t<\/div>\n\t\t<\/div>\n\t\t\t\t\t<\/div>\n\t\t<\/section>\n\t\t\t\t\t<\/div>\n\t\t<\/div>\n\t\t\t\t<div class=\"elementor-column elementor-col-50 elementor-top-column elementor-element elementor-element-07f397d\" data-id=\"07f397d\" data-element_type=\"column\" data-e-type=\"column\">\n\t\t\t<div class=\"elementor-widget-wrap elementor-element-populated\">\n\t\t\t\t\t\t<div class=\"elementor-element elementor-element-61a1bd0 elementor-link elementor-widget elementor-widget-button\" data-id=\"61a1bd0\" data-element_type=\"widget\" data-e-type=\"widget\" data-widget_type=\"button.default\">\n\t\t\t\t<div class=\"elementor-widget-container\">\n\t\t\t\t\t\t\t\t\t<div class=\"elementor-button-wrapper\">\n\t\t\t\t\t<a class=\"elementor-button elementor-button-link elementor-size-sm\" href=\"https:\/\/www.kuren.ch\/de\/thermen\/thermalbad-zurzach\/\" target=\"_blank\">\n\t\t\t\t\t\t<span class=\"elementor-button-content-wrapper\">\n\t\t\t\t\t\t<span class=\"elementor-button-icon\">\n\t\t\t\t<svg xmlns=\"http:\/\/www.w3.org\/2000\/svg\" width=\"22.1\" height=\"20.233\" viewBox=\"-0.017 0 22.1 20.233\"><path d=\"m9.11 0 9.095 9.095H0v2.02h18.205L9.11 20.21h2.852l10.104-10.105L11.962 0H9.11Z\" fill=\"#a72675\" fill-rule=\"evenodd\" data-name=\"Pfad 54\"><\/path><\/svg>\t\t\t<\/span>\n\t\t\t\t\t\t\t\t\t<span class=\"elementor-button-text\">Therme Zurzach<\/span>\n\t\t\t\t\t<\/span>\n\t\t\t\t\t<\/a>\n\t\t\t\t<\/div>\n\t\t\t\t\t\t\t\t<\/div>\n\t\t\t\t<\/div>\n\t\t\t\t\t<\/div>\n\t\t<\/div>\n\t\t\t\t\t<\/div>\n\t\t<\/section>\n\t\t\t\t<section class=\"elementor-section elementor-top-section elementor-element elementor-element-8430360 elementor-section-full_width fachpersonen-section elementor-section-height-default elementor-section-height-default\" data-id=\"8430360\" data-element_type=\"section\" data-e-type=\"section\">\n\t\t\t\t\t\t<div class=\"elementor-container elementor-column-gap-default\">\n\t\t\t\t\t<div class=\"elementor-column elementor-col-50 elementor-top-column elementor-element elementor-element-13882ae\" data-id=\"13882ae\" data-element_type=\"column\" data-e-type=\"column\">\n\t\t\t<div class=\"elementor-widget-wrap elementor-element-populated\">\n\t\t\t\t\t\t<section class=\"elementor-section elementor-inner-section elementor-element elementor-element-427d75b elementor-section-boxed elementor-section-height-default elementor-section-height-default\" data-id=\"427d75b\" data-element_type=\"section\" data-e-type=\"section\">\n\t\t\t\t\t\t<div class=\"elementor-container elementor-column-gap-default\">\n\t\t\t\t\t<div class=\"elementor-column elementor-col-50 elementor-inner-column elementor-element elementor-element-d919188\" data-id=\"d919188\" data-element_type=\"column\" data-e-type=\"column\">\n\t\t\t<div class=\"elementor-widget-wrap elementor-element-populated\">\n\t\t\t\t\t\t<div class=\"elementor-element elementor-element-a87d387 small-content elementor-widget elementor-widget-text-editor\" data-id=\"a87d387\" data-element_type=\"widget\" data-e-type=\"widget\" data-widget_type=\"text-editor.default\">\n\t\t\t\t<div class=\"elementor-widget-container\">\n\t\t\t\t\t\t\t\t\t<p><strong>Sali<\/strong><b>na Maris, Breiten\u00a0<\/b><\/p><p>Eintritt f\u00fcr 4 Stunden<\/p>\t\t\t\t\t\t\t\t<\/div>\n\t\t\t\t<\/div>\n\t\t\t\t\t<\/div>\n\t\t<\/div>\n\t\t\t\t<div class=\"elementor-column elementor-col-50 elementor-inner-column elementor-element elementor-element-5842d58\" data-id=\"5842d58\" data-element_type=\"column\" data-e-type=\"column\">\n\t\t\t<div class=\"elementor-widget-wrap elementor-element-populated\">\n\t\t\t\t\t\t<div class=\"elementor-element elementor-element-8aa6cc7 small-content elementor-widget elementor-widget-text-editor\" data-id=\"8aa6cc7\" data-element_type=\"widget\" data-e-type=\"widget\" data-widget_type=\"text-editor.default\">\n\t\t\t\t<div class=\"elementor-widget-container\">\n\t\t\t\t\t\t\t\t\t<p style=\"text-align: right;\"><b>Wallis<\/b><\/p>\t\t\t\t\t\t\t\t<\/div>\n\t\t\t\t<\/div>\n\t\t\t\t\t<\/div>\n\t\t<\/div>\n\t\t\t\t\t<\/div>\n\t\t<\/section>\n\t\t\t\t\t<\/div>\n\t\t<\/div>\n\t\t\t\t<div class=\"elementor-column elementor-col-50 elementor-top-column elementor-element elementor-element-dd15b6c\" data-id=\"dd15b6c\" data-element_type=\"column\" data-e-type=\"column\">\n\t\t\t<div class=\"elementor-widget-wrap elementor-element-populated\">\n\t\t\t\t\t\t<div class=\"elementor-element elementor-element-4f09d87 elementor-link elementor-widget elementor-widget-button\" data-id=\"4f09d87\" data-element_type=\"widget\" data-e-type=\"widget\" data-widget_type=\"button.default\">\n\t\t\t\t<div class=\"elementor-widget-container\">\n\t\t\t\t\t\t\t\t\t<div class=\"elementor-button-wrapper\">\n\t\t\t\t\t<a class=\"elementor-button elementor-button-link elementor-size-sm\" href=\"https:\/\/www.kuren.ch\/de\/thermen\/thermalbad-salina-maris-bade-wellnesszentrum\/\" target=\"_blank\">\n\t\t\t\t\t\t<span class=\"elementor-button-content-wrapper\">\n\t\t\t\t\t\t<span class=\"elementor-button-icon\">\n\t\t\t\t<svg xmlns=\"http:\/\/www.w3.org\/2000\/svg\" width=\"22.1\" height=\"20.233\" viewBox=\"-0.017 0 22.1 20.233\"><path d=\"m9.11 0 9.095 9.095H0v2.02h18.205L9.11 20.21h2.852l10.104-10.105L11.962 0H9.11Z\" fill=\"#a72675\" fill-rule=\"evenodd\" data-name=\"Pfad 54\"><\/path><\/svg>\t\t\t<\/span>\n\t\t\t\t\t\t\t\t\t<span class=\"elementor-button-text\">Salina Maris<\/span>\n\t\t\t\t\t<\/span>\n\t\t\t\t\t<\/a>\n\t\t\t\t<\/div>\n\t\t\t\t\t\t\t\t<\/div>\n\t\t\t\t<\/div>\n\t\t\t\t\t<\/div>\n\t\t<\/div>\n\t\t\t\t\t<\/div>\n\t\t<\/section>\n\t\t\t\t<section class=\"elementor-section elementor-top-section elementor-element elementor-element-c196a06 elementor-section-full_width fachpersonen-section elementor-section-height-default elementor-section-height-default\" data-id=\"c196a06\" data-element_type=\"section\" data-e-type=\"section\">\n\t\t\t\t\t\t<div class=\"elementor-container elementor-column-gap-default\">\n\t\t\t\t\t<div class=\"elementor-column elementor-col-50 elementor-top-column elementor-element elementor-element-2e09aaa\" data-id=\"2e09aaa\" data-element_type=\"column\" data-e-type=\"column\">\n\t\t\t<div class=\"elementor-widget-wrap elementor-element-populated\">\n\t\t\t\t\t\t<section class=\"elementor-section elementor-inner-section elementor-element elementor-element-3af1526 elementor-section-boxed elementor-section-height-default elementor-section-height-default\" data-id=\"3af1526\" data-element_type=\"section\" data-e-type=\"section\">\n\t\t\t\t\t\t<div class=\"elementor-container elementor-column-gap-default\">\n\t\t\t\t\t<div class=\"elementor-column elementor-col-50 elementor-inner-column elementor-element elementor-element-3e92e28\" data-id=\"3e92e28\" data-element_type=\"column\" data-e-type=\"column\">\n\t\t\t<div class=\"elementor-widget-wrap elementor-element-populated\">\n\t\t\t\t\t\t<div class=\"elementor-element elementor-element-c6563c5 small-content elementor-widget elementor-widget-text-editor\" data-id=\"c6563c5\" data-element_type=\"widget\" data-e-type=\"widget\" data-widget_type=\"text-editor.default\">\n\t\t\t\t<div class=\"elementor-widget-container\">\n\t\t\t\t\t\t\t\t\t<p><strong>Bad Ramsach Quellhotel, L\u00e4ufelfingen<\/strong><\/p><p>Eintritt zeitlich unbegrenzt<\/p>\t\t\t\t\t\t\t\t<\/div>\n\t\t\t\t<\/div>\n\t\t\t\t\t<\/div>\n\t\t<\/div>\n\t\t\t\t<div class=\"elementor-column elementor-col-50 elementor-inner-column elementor-element elementor-element-85719f0\" data-id=\"85719f0\" data-element_type=\"column\" data-e-type=\"column\">\n\t\t\t<div class=\"elementor-widget-wrap elementor-element-populated\">\n\t\t\t\t\t\t<div class=\"elementor-element elementor-element-1de8884 small-content elementor-widget elementor-widget-text-editor\" data-id=\"1de8884\" data-element_type=\"widget\" data-e-type=\"widget\" data-widget_type=\"text-editor.default\">\n\t\t\t\t<div class=\"elementor-widget-container\">\n\t\t\t\t\t\t\t\t\t<p style=\"text-align: right;\"><b>Nordschweiz<\/b><\/p>\t\t\t\t\t\t\t\t<\/div>\n\t\t\t\t<\/div>\n\t\t\t\t\t<\/div>\n\t\t<\/div>\n\t\t\t\t\t<\/div>\n\t\t<\/section>\n\t\t\t\t\t<\/div>\n\t\t<\/div>\n\t\t\t\t<div class=\"elementor-column elementor-col-50 elementor-top-column elementor-element elementor-element-995e4ae\" data-id=\"995e4ae\" data-element_type=\"column\" data-e-type=\"column\">\n\t\t\t<div class=\"elementor-widget-wrap elementor-element-populated\">\n\t\t\t\t\t\t<div class=\"elementor-element elementor-element-ad817de elementor-link elementor-widget elementor-widget-button\" data-id=\"ad817de\" data-element_type=\"widget\" data-e-type=\"widget\" data-widget_type=\"button.default\">\n\t\t\t\t<div class=\"elementor-widget-container\">\n\t\t\t\t\t\t\t\t\t<div class=\"elementor-button-wrapper\">\n\t\t\t\t\t<a class=\"elementor-button elementor-button-link elementor-size-sm\" href=\"https:\/\/www.kuren.ch\/de\/thermen\/thermalbad-bad-ramsach\/\" target=\"_blank\">\n\t\t\t\t\t\t<span class=\"elementor-button-content-wrapper\">\n\t\t\t\t\t\t<span class=\"elementor-button-icon\">\n\t\t\t\t<svg xmlns=\"http:\/\/www.w3.org\/2000\/svg\" width=\"22.1\" height=\"20.233\" viewBox=\"-0.017 0 22.1 20.233\"><path d=\"m9.11 0 9.095 9.095H0v2.02h18.205L9.11 20.21h2.852l10.104-10.105L11.962 0H9.11Z\" fill=\"#a72675\" fill-rule=\"evenodd\" data-name=\"Pfad 54\"><\/path><\/svg>\t\t\t<\/span>\n\t\t\t\t\t\t\t\t\t<span class=\"elementor-button-text\">Bad Ramsach Quellhotel<\/span>\n\t\t\t\t\t<\/span>\n\t\t\t\t\t<\/a>\n\t\t\t\t<\/div>\n\t\t\t\t\t\t\t\t<\/div>\n\t\t\t\t<\/div>\n\t\t\t\t\t<\/div>\n\t\t<\/div>\n\t\t\t\t\t<\/div>\n\t\t<\/section>\n\t\t\t\t<section class=\"elementor-section elementor-top-section elementor-element elementor-element-80e3718 elementor-section-full_width fachpersonen-section elementor-section-height-default elementor-section-height-default\" data-id=\"80e3718\" data-element_type=\"section\" data-e-type=\"section\">\n\t\t\t\t\t\t<div class=\"elementor-container elementor-column-gap-default\">\n\t\t\t\t\t<div class=\"elementor-column elementor-col-50 elementor-top-column elementor-element elementor-element-8251c8d\" data-id=\"8251c8d\" data-element_type=\"column\" data-e-type=\"column\">\n\t\t\t<div class=\"elementor-widget-wrap elementor-element-populated\">\n\t\t\t\t\t\t<section class=\"elementor-section elementor-inner-section elementor-element elementor-element-490ac0c elementor-section-boxed elementor-section-height-default elementor-section-height-default\" data-id=\"490ac0c\" data-element_type=\"section\" data-e-type=\"section\">\n\t\t\t\t\t\t<div class=\"elementor-container elementor-column-gap-default\">\n\t\t\t\t\t<div class=\"elementor-column elementor-col-50 elementor-inner-column elementor-element elementor-element-3d59aa0\" data-id=\"3d59aa0\" data-element_type=\"column\" data-e-type=\"column\">\n\t\t\t<div class=\"elementor-widget-wrap elementor-element-populated\">\n\t\t\t\t\t\t<div class=\"elementor-element elementor-element-8b4b3d1 small-content elementor-widget elementor-widget-text-editor\" data-id=\"8b4b3d1\" data-element_type=\"widget\" data-e-type=\"widget\" data-widget_type=\"text-editor.default\">\n\t\t\t\t<div class=\"elementor-widget-container\">\n\t\t\t\t\t\t\t\t\t<p><strong>Therm<\/strong><strong>e 51, Leukerbad<\/strong><\/p><p>Eintritt f\u00fcr 3 Stunden<\/p><p>ACHTUNG: Reservation n\u00f6tig<\/p>\t\t\t\t\t\t\t\t<\/div>\n\t\t\t\t<\/div>\n\t\t\t\t\t<\/div>\n\t\t<\/div>\n\t\t\t\t<div class=\"elementor-column elementor-col-50 elementor-inner-column elementor-element elementor-element-a9c5e9b\" data-id=\"a9c5e9b\" data-element_type=\"column\" data-e-type=\"column\">\n\t\t\t<div class=\"elementor-widget-wrap elementor-element-populated\">\n\t\t\t\t\t\t<div class=\"elementor-element elementor-element-209cb94 small-content elementor-widget elementor-widget-text-editor\" data-id=\"209cb94\" data-element_type=\"widget\" data-e-type=\"widget\" data-widget_type=\"text-editor.default\">\n\t\t\t\t<div class=\"elementor-widget-container\">\n\t\t\t\t\t\t\t\t\t<p style=\"text-align: right;\"><b>Wallis<\/b><\/p>\t\t\t\t\t\t\t\t<\/div>\n\t\t\t\t<\/div>\n\t\t\t\t\t<\/div>\n\t\t<\/div>\n\t\t\t\t\t<\/div>\n\t\t<\/section>\n\t\t\t\t\t<\/div>\n\t\t<\/div>\n\t\t\t\t<div class=\"elementor-column elementor-col-50 elementor-top-column elementor-element elementor-element-c1ed459\" data-id=\"c1ed459\" data-element_type=\"column\" data-e-type=\"column\">\n\t\t\t<div class=\"elementor-widget-wrap elementor-element-populated\">\n\t\t\t\t\t\t<div class=\"elementor-element elementor-element-2d9ffcc elementor-link elementor-widget elementor-widget-button\" data-id=\"2d9ffcc\" data-element_type=\"widget\" data-e-type=\"widget\" data-widget_type=\"button.default\">\n\t\t\t\t<div class=\"elementor-widget-container\">\n\t\t\t\t\t\t\t\t\t<div class=\"elementor-button-wrapper\">\n\t\t\t\t\t<a class=\"elementor-button elementor-button-link elementor-size-sm\" href=\"https:\/\/www.kuren.ch\/de\/thermen\/thermalbad-therme-leukerbad\/\" target=\"_blank\">\n\t\t\t\t\t\t<span class=\"elementor-button-content-wrapper\">\n\t\t\t\t\t\t<span class=\"elementor-button-icon\">\n\t\t\t\t<svg xmlns=\"http:\/\/www.w3.org\/2000\/svg\" width=\"22.1\" height=\"20.233\" viewBox=\"-0.017 0 22.1 20.233\"><path d=\"m9.11 0 9.095 9.095H0v2.02h18.205L9.11 20.21h2.852l10.104-10.105L11.962 0H9.11Z\" fill=\"#a72675\" fill-rule=\"evenodd\" data-name=\"Pfad 54\"><\/path><\/svg>\t\t\t<\/span>\n\t\t\t\t\t\t\t\t\t<span class=\"elementor-button-text\">Therme 51<\/span>\n\t\t\t\t\t<\/span>\n\t\t\t\t\t<\/a>\n\t\t\t\t<\/div>\n\t\t\t\t\t\t\t\t<\/div>\n\t\t\t\t<\/div>\n\t\t\t\t\t<\/div>\n\t\t<\/div>\n\t\t\t\t\t<\/div>\n\t\t<\/section>\n\t\t\t\t<section class=\"elementor-section elementor-top-section elementor-element elementor-element-48a7935 elementor-section-full_width fachpersonen-section elementor-section-height-default elementor-section-height-default\" data-id=\"48a7935\" data-element_type=\"section\" data-e-type=\"section\">\n\t\t\t\t\t\t<div class=\"elementor-container elementor-column-gap-default\">\n\t\t\t\t\t<div class=\"elementor-column elementor-col-50 elementor-top-column elementor-element elementor-element-e0aa33c\" data-id=\"e0aa33c\" data-element_type=\"column\" data-e-type=\"column\">\n\t\t\t<div class=\"elementor-widget-wrap elementor-element-populated\">\n\t\t\t\t\t\t<section class=\"elementor-section elementor-inner-section elementor-element elementor-element-42511f5 elementor-section-boxed elementor-section-height-default elementor-section-height-default\" data-id=\"42511f5\" data-element_type=\"section\" data-e-type=\"section\">\n\t\t\t\t\t\t<div class=\"elementor-container elementor-column-gap-default\">\n\t\t\t\t\t<div class=\"elementor-column elementor-col-50 elementor-inner-column elementor-element elementor-element-16bdf47\" data-id=\"16bdf47\" data-element_type=\"column\" data-e-type=\"column\">\n\t\t\t<div class=\"elementor-widget-wrap elementor-element-populated\">\n\t\t\t\t\t\t<div class=\"elementor-element elementor-element-0b83a74 small-content elementor-widget elementor-widget-text-editor\" data-id=\"0b83a74\" data-element_type=\"widget\" data-e-type=\"widget\" data-widget_type=\"text-editor.default\">\n\t\t\t\t<div class=\"elementor-widget-container\">\n\t\t\t\t\t\t\t\t\t<p><strong>Solebad der Stiftung Liebenau, Oberhelfenschwil<\/strong><\/p><p>Eintritt zeitlich unbegrenzt<\/p><p>Revision: 22.7. &#8211; 5.8.2022<\/p>\t\t\t\t\t\t\t\t<\/div>\n\t\t\t\t<\/div>\n\t\t\t\t\t<\/div>\n\t\t<\/div>\n\t\t\t\t<div class=\"elementor-column elementor-col-50 elementor-inner-column elementor-element elementor-element-466ae22\" data-id=\"466ae22\" data-element_type=\"column\" data-e-type=\"column\">\n\t\t\t<div class=\"elementor-widget-wrap elementor-element-populated\">\n\t\t\t\t\t\t<div class=\"elementor-element elementor-element-dec747c small-content elementor-widget elementor-widget-text-editor\" data-id=\"dec747c\" data-element_type=\"widget\" data-e-type=\"widget\" data-widget_type=\"text-editor.default\">\n\t\t\t\t<div class=\"elementor-widget-container\">\n\t\t\t\t\t\t\t\t\t<p style=\"text-align: right;\"><b>Ostschweiz<\/b><\/p>\t\t\t\t\t\t\t\t<\/div>\n\t\t\t\t<\/div>\n\t\t\t\t\t<\/div>\n\t\t<\/div>\n\t\t\t\t\t<\/div>\n\t\t<\/section>\n\t\t\t\t\t<\/div>\n\t\t<\/div>\n\t\t\t\t<div class=\"elementor-column elementor-col-50 elementor-top-column elementor-element elementor-element-d5eafc7\" data-id=\"d5eafc7\" data-element_type=\"column\" data-e-type=\"column\">\n\t\t\t<div class=\"elementor-widget-wrap elementor-element-populated\">\n\t\t\t\t\t\t<div class=\"elementor-element elementor-element-2ae16be elementor-link elementor-widget elementor-widget-button\" data-id=\"2ae16be\" data-element_type=\"widget\" data-e-type=\"widget\" data-widget_type=\"button.default\">\n\t\t\t\t<div class=\"elementor-widget-container\">\n\t\t\t\t\t\t\t\t\t<div class=\"elementor-button-wrapper\">\n\t\t\t\t\t<a class=\"elementor-button elementor-button-link elementor-size-sm\" href=\"https:\/\/www.kuren.ch\/de\/thermen\/thermalbad-dorfplatz-solebad\/\" target=\"_blank\">\n\t\t\t\t\t\t<span class=\"elementor-button-content-wrapper\">\n\t\t\t\t\t\t<span class=\"elementor-button-icon\">\n\t\t\t\t<svg xmlns=\"http:\/\/www.w3.org\/2000\/svg\" width=\"22.1\" height=\"20.233\" viewBox=\"-0.017 0 22.1 20.233\"><path d=\"m9.11 0 9.095 9.095H0v2.02h18.205L9.11 20.21h2.852l10.104-10.105L11.962 0H9.11Z\" fill=\"#a72675\" fill-rule=\"evenodd\" data-name=\"Pfad 54\"><\/path><\/svg>\t\t\t<\/span>\n\t\t\t\t\t\t\t\t\t<span class=\"elementor-button-text\">Solebad Liebenau<\/span>\n\t\t\t\t\t<\/span>\n\t\t\t\t\t<\/a>\n\t\t\t\t<\/div>\n\t\t\t\t\t\t\t\t<\/div>\n\t\t\t\t<\/div>\n\t\t\t\t\t<\/div>\n\t\t<\/div>\n\t\t\t\t\t<\/div>\n\t\t<\/section>\n\t\t\t\t<section class=\"elementor-section elementor-top-section elementor-element elementor-element-96f9fae elementor-section-full_width fachpersonen-section elementor-section-height-default elementor-section-height-default\" data-id=\"96f9fae\" data-element_type=\"section\" data-e-type=\"section\">\n\t\t\t\t\t\t<div class=\"elementor-container elementor-column-gap-default\">\n\t\t\t\t\t<div class=\"elementor-column elementor-col-50 elementor-top-column elementor-element elementor-element-ff05194\" data-id=\"ff05194\" data-element_type=\"column\" data-e-type=\"column\">\n\t\t\t<div class=\"elementor-widget-wrap elementor-element-populated\">\n\t\t\t\t\t\t<section class=\"elementor-section elementor-inner-section elementor-element elementor-element-7f72397 elementor-section-boxed elementor-section-height-default elementor-section-height-default\" data-id=\"7f72397\" data-element_type=\"section\" data-e-type=\"section\">\n\t\t\t\t\t\t<div class=\"elementor-container elementor-column-gap-default\">\n\t\t\t\t\t<div class=\"elementor-column elementor-col-50 elementor-inner-column elementor-element elementor-element-f37065c\" data-id=\"f37065c\" data-element_type=\"column\" data-e-type=\"column\">\n\t\t\t<div class=\"elementor-widget-wrap elementor-element-populated\">\n\t\t\t\t\t\t<div class=\"elementor-element elementor-element-c8acd54 small-content elementor-widget elementor-widget-text-editor\" data-id=\"c8acd54\" data-element_type=\"widget\" data-e-type=\"widget\" data-widget_type=\"text-editor.default\">\n\t\t\t\t<div class=\"elementor-widget-container\">\n\t\t\t\t\t\t\t\t\t<p><strong>sole uno, Rheinfelden<\/strong><\/p>\n<p>Eintritt: 2 Stunden in Bade- und Saunalandschaft<\/p>\t\t\t\t\t\t\t\t<\/div>\n\t\t\t\t<\/div>\n\t\t\t\t\t<\/div>\n\t\t<\/div>\n\t\t\t\t<div class=\"elementor-column elementor-col-50 elementor-inner-column elementor-element elementor-element-122d533\" data-id=\"122d533\" data-element_type=\"column\" data-e-type=\"column\">\n\t\t\t<div class=\"elementor-widget-wrap elementor-element-populated\">\n\t\t\t\t\t\t<div class=\"elementor-element elementor-element-39d581d small-content elementor-widget elementor-widget-text-editor\" data-id=\"39d581d\" data-element_type=\"widget\" data-e-type=\"widget\" data-widget_type=\"text-editor.default\">\n\t\t\t\t<div class=\"elementor-widget-container\">\n\t\t\t\t\t\t\t\t\t<p style=\"text-align: right;\"><b>Nordschweiz<\/b><\/p>\t\t\t\t\t\t\t\t<\/div>\n\t\t\t\t<\/div>\n\t\t\t\t\t<\/div>\n\t\t<\/div>\n\t\t\t\t\t<\/div>\n\t\t<\/section>\n\t\t\t\t\t<\/div>\n\t\t<\/div>\n\t\t\t\t<div class=\"elementor-column elementor-col-50 elementor-top-column elementor-element elementor-element-2a39c43\" data-id=\"2a39c43\" data-element_type=\"column\" data-e-type=\"column\">\n\t\t\t<div class=\"elementor-widget-wrap elementor-element-populated\">\n\t\t\t\t\t\t<div class=\"elementor-element elementor-element-772e872 elementor-link elementor-widget elementor-widget-button\" data-id=\"772e872\" data-element_type=\"widget\" data-e-type=\"widget\" data-widget_type=\"button.default\">\n\t\t\t\t<div class=\"elementor-widget-container\">\n\t\t\t\t\t\t\t\t\t<div class=\"elementor-button-wrapper\">\n\t\t\t\t\t<a class=\"elementor-button elementor-button-link elementor-size-sm\" href=\"https:\/\/www.kuren.ch\/de\/thermen\/thermalbad-sole-uno-im-parkresort-rheinfelden\/\" target=\"_blank\">\n\t\t\t\t\t\t<span class=\"elementor-button-content-wrapper\">\n\t\t\t\t\t\t<span class=\"elementor-button-icon\">\n\t\t\t\t<svg xmlns=\"http:\/\/www.w3.org\/2000\/svg\" width=\"22.1\" height=\"20.233\" viewBox=\"-0.017 0 22.1 20.233\"><path d=\"m9.11 0 9.095 9.095H0v2.02h18.205L9.11 20.21h2.852l10.104-10.105L11.962 0H9.11Z\" fill=\"#a72675\" fill-rule=\"evenodd\" data-name=\"Pfad 54\"><\/path><\/svg>\t\t\t<\/span>\n\t\t\t\t\t\t\t\t\t<span class=\"elementor-button-text\">sole uno<\/span>\n\t\t\t\t\t<\/span>\n\t\t\t\t\t<\/a>\n\t\t\t\t<\/div>\n\t\t\t\t\t\t\t\t<\/div>\n\t\t\t\t<\/div>\n\t\t\t\t\t<\/div>\n\t\t<\/div>\n\t\t\t\t\t<\/div>\n\t\t<\/section>\n\t\t\t\t<section class=\"elementor-section elementor-top-section elementor-element elementor-element-127fa65 elementor-section-full_width fachpersonen-section elementor-section-height-default elementor-section-height-default\" data-id=\"127fa65\" data-element_type=\"section\" data-e-type=\"section\">\n\t\t\t\t\t\t<div class=\"elementor-container elementor-column-gap-default\">\n\t\t\t\t\t<div class=\"elementor-column elementor-col-50 elementor-top-column elementor-element elementor-element-5b0ec60\" data-id=\"5b0ec60\" data-element_type=\"column\" data-e-type=\"column\">\n\t\t\t<div class=\"elementor-widget-wrap elementor-element-populated\">\n\t\t\t\t\t\t<section class=\"elementor-section elementor-inner-section elementor-element elementor-element-b4ac287 elementor-section-boxed elementor-section-height-default elementor-section-height-default\" data-id=\"b4ac287\" data-element_type=\"section\" data-e-type=\"section\">\n\t\t\t\t\t\t<div class=\"elementor-container elementor-column-gap-default\">\n\t\t\t\t\t<div class=\"elementor-column elementor-col-50 elementor-inner-column elementor-element elementor-element-5a4ac6e\" data-id=\"5a4ac6e\" data-element_type=\"column\" data-e-type=\"column\">\n\t\t\t<div class=\"elementor-widget-wrap elementor-element-populated\">\n\t\t\t\t\t\t<div class=\"elementor-element elementor-element-5b2bd22 small-content elementor-widget elementor-widget-text-editor\" data-id=\"5b2bd22\" data-element_type=\"widget\" data-e-type=\"widget\" data-widget_type=\"text-editor.default\">\n\t\t\t\t<div class=\"elementor-widget-container\">\n\t\t\t\t\t\t\t\t\t<p><strong>Bogn Engiadina, Scuol<\/strong><\/p><p>Eintritt: 3 Stunden!<br \/>Teilbetrieb bis 25.6. &#8211; Bitte Website beachten<\/p>\t\t\t\t\t\t\t\t<\/div>\n\t\t\t\t<\/div>\n\t\t\t\t\t<\/div>\n\t\t<\/div>\n\t\t\t\t<div class=\"elementor-column elementor-col-50 elementor-inner-column elementor-element elementor-element-914cfaf\" data-id=\"914cfaf\" data-element_type=\"column\" data-e-type=\"column\">\n\t\t\t<div class=\"elementor-widget-wrap elementor-element-populated\">\n\t\t\t\t\t\t<div class=\"elementor-element elementor-element-6582088 small-content elementor-widget elementor-widget-text-editor\" data-id=\"6582088\" data-element_type=\"widget\" data-e-type=\"widget\" data-widget_type=\"text-editor.default\">\n\t\t\t\t<div class=\"elementor-widget-container\">\n\t\t\t\t\t\t\t\t\t<p style=\"text-align: right;\"><b>Graub\u00fcnden<\/b><\/p>\t\t\t\t\t\t\t\t<\/div>\n\t\t\t\t<\/div>\n\t\t\t\t\t<\/div>\n\t\t<\/div>\n\t\t\t\t\t<\/div>\n\t\t<\/section>\n\t\t\t\t\t<\/div>\n\t\t<\/div>\n\t\t\t\t<div class=\"elementor-column elementor-col-50 elementor-top-column elementor-element elementor-element-bc5f557\" data-id=\"bc5f557\" data-element_type=\"column\" data-e-type=\"column\">\n\t\t\t<div class=\"elementor-widget-wrap elementor-element-populated\">\n\t\t\t\t\t\t<div class=\"elementor-element elementor-element-3355bba elementor-link elementor-widget elementor-widget-button\" data-id=\"3355bba\" data-element_type=\"widget\" data-e-type=\"widget\" data-widget_type=\"button.default\">\n\t\t\t\t<div class=\"elementor-widget-container\">\n\t\t\t\t\t\t\t\t\t<div class=\"elementor-button-wrapper\">\n\t\t\t\t\t<a class=\"elementor-button elementor-button-link elementor-size-sm\" href=\"https:\/\/www.kuren.ch\/de\/thermen\/bogn-engiadina-scuol\/\" target=\"_blank\">\n\t\t\t\t\t\t<span class=\"elementor-button-content-wrapper\">\n\t\t\t\t\t\t<span class=\"elementor-button-icon\">\n\t\t\t\t<svg xmlns=\"http:\/\/www.w3.org\/2000\/svg\" width=\"22.1\" height=\"20.233\" viewBox=\"-0.017 0 22.1 20.233\"><path d=\"m9.11 0 9.095 9.095H0v2.02h18.205L9.11 20.21h2.852l10.104-10.105L11.962 0H9.11Z\" fill=\"#a72675\" fill-rule=\"evenodd\" data-name=\"Pfad 54\"><\/path><\/svg>\t\t\t<\/span>\n\t\t\t\t\t\t\t\t\t<span class=\"elementor-button-text\">Bogn Engiadina<\/span>\n\t\t\t\t\t<\/span>\n\t\t\t\t\t<\/a>\n\t\t\t\t<\/div>\n\t\t\t\t\t\t\t\t<\/div>\n\t\t\t\t<\/div>\n\t\t\t\t\t<\/div>\n\t\t<\/div>\n\t\t\t\t\t<\/div>\n\t\t<\/section>\n\t\t\t\t<section class=\"elementor-section elementor-top-section elementor-element elementor-element-cbb65cb elementor-section-full_width fachpersonen-section elementor-section-height-default elementor-section-height-default\" data-id=\"cbb65cb\" data-element_type=\"section\" data-e-type=\"section\">\n\t\t\t\t\t\t<div class=\"elementor-container elementor-column-gap-default\">\n\t\t\t\t\t<div class=\"elementor-column elementor-col-50 elementor-top-column elementor-element elementor-element-83acb7d\" data-id=\"83acb7d\" data-element_type=\"column\" data-e-type=\"column\">\n\t\t\t<div class=\"elementor-widget-wrap elementor-element-populated\">\n\t\t\t\t\t\t<section class=\"elementor-section elementor-inner-section elementor-element elementor-element-637d0af elementor-section-boxed elementor-section-height-default elementor-section-height-default\" data-id=\"637d0af\" data-element_type=\"section\" data-e-type=\"section\">\n\t\t\t\t\t\t<div class=\"elementor-container elementor-column-gap-default\">\n\t\t\t\t\t<div class=\"elementor-column elementor-col-50 elementor-inner-column elementor-element elementor-element-3f7fb7a\" data-id=\"3f7fb7a\" data-element_type=\"column\" data-e-type=\"column\">\n\t\t\t<div class=\"elementor-widget-wrap elementor-element-populated\">\n\t\t\t\t\t\t<div class=\"elementor-element elementor-element-11e87ab small-content elementor-widget elementor-widget-text-editor\" data-id=\"11e87ab\" data-element_type=\"widget\" data-e-type=\"widget\" data-widget_type=\"text-editor.default\">\n\t\t\t\t<div class=\"elementor-widget-container\">\n\t\t\t\t\t\t\t\t\t<p><strong>Mineralheilbad St. Margrethen&nbsp;<\/strong><\/p>\n<p>Eintritt: 4 Stunden in die Badewelt<\/p>\t\t\t\t\t\t\t\t<\/div>\n\t\t\t\t<\/div>\n\t\t\t\t\t<\/div>\n\t\t<\/div>\n\t\t\t\t<div class=\"elementor-column elementor-col-50 elementor-inner-column elementor-element elementor-element-e802856\" data-id=\"e802856\" data-element_type=\"column\" data-e-type=\"column\">\n\t\t\t<div class=\"elementor-widget-wrap elementor-element-populated\">\n\t\t\t\t\t\t<div class=\"elementor-element elementor-element-b5d6c0b small-content elementor-widget elementor-widget-text-editor\" data-id=\"b5d6c0b\" data-element_type=\"widget\" data-e-type=\"widget\" data-widget_type=\"text-editor.default\">\n\t\t\t\t<div class=\"elementor-widget-container\">\n\t\t\t\t\t\t\t\t\t<p style=\"text-align: right;\"><b>Ostschweiz<\/b><\/p>\t\t\t\t\t\t\t\t<\/div>\n\t\t\t\t<\/div>\n\t\t\t\t\t<\/div>\n\t\t<\/div>\n\t\t\t\t\t<\/div>\n\t\t<\/section>\n\t\t\t\t\t<\/div>\n\t\t<\/div>\n\t\t\t\t<div class=\"elementor-column elementor-col-50 elementor-top-column elementor-element elementor-element-3241b74\" data-id=\"3241b74\" data-element_type=\"column\" data-e-type=\"column\">\n\t\t\t<div class=\"elementor-widget-wrap elementor-element-populated\">\n\t\t\t\t\t\t<div class=\"elementor-element elementor-element-49dba6d elementor-link elementor-widget elementor-widget-button\" data-id=\"49dba6d\" data-element_type=\"widget\" data-e-type=\"widget\" data-widget_type=\"button.default\">\n\t\t\t\t<div class=\"elementor-widget-container\">\n\t\t\t\t\t\t\t\t\t<div class=\"elementor-button-wrapper\">\n\t\t\t\t\t<a class=\"elementor-button elementor-button-link elementor-size-sm\" href=\"https:\/\/www.kuren.ch\/de\/thermen\/mineralheilbad-st-margrethen\/\" target=\"_blank\">\n\t\t\t\t\t\t<span class=\"elementor-button-content-wrapper\">\n\t\t\t\t\t\t<span class=\"elementor-button-icon\">\n\t\t\t\t<svg xmlns=\"http:\/\/www.w3.org\/2000\/svg\" width=\"22.1\" height=\"20.233\" viewBox=\"-0.017 0 22.1 20.233\"><path d=\"m9.11 0 9.095 9.095H0v2.02h18.205L9.11 20.21h2.852l10.104-10.105L11.962 0H9.11Z\" fill=\"#a72675\" fill-rule=\"evenodd\" data-name=\"Pfad 54\"><\/path><\/svg>\t\t\t<\/span>\n\t\t\t\t\t\t\t\t\t<span class=\"elementor-button-text\">Mineralheilbad St. Margrethen<\/span>\n\t\t\t\t\t<\/span>\n\t\t\t\t\t<\/a>\n\t\t\t\t<\/div>\n\t\t\t\t\t\t\t\t<\/div>\n\t\t\t\t<\/div>\n\t\t\t\t\t<\/div>\n\t\t<\/div>\n\t\t\t\t\t<\/div>\n\t\t<\/section>\n\t\t\t\t<section class=\"elementor-section elementor-top-section elementor-element elementor-element-e627a0b elementor-section-full_width elementor-section-height-default elementor-section-height-default\" data-id=\"e627a0b\" data-element_type=\"section\" data-e-type=\"section\">\n\t\t\t\t\t\t<div class=\"elementor-container elementor-column-gap-default\">\n\t\t\t\t\t<div class=\"elementor-column elementor-col-100 elementor-top-column elementor-element elementor-element-9c6f7ba\" data-id=\"9c6f7ba\" data-element_type=\"column\" data-e-type=\"column\">\n\t\t\t<div class=\"elementor-widget-wrap elementor-element-populated\">\n\t\t\t\t\t\t<div class=\"elementor-element elementor-element-f1ad14d elementor-widget elementor-widget-text-editor\" data-id=\"f1ad14d\" data-element_type=\"widget\" data-e-type=\"widget\" data-widget_type=\"text-editor.default\">\n\t\t\t\t<div class=\"elementor-widget-container\">\n\t\t\t\t\t\t\t\t\t<p><a class=\"new-button\" href=\"https:\/\/shop.e-guma.ch\/kuren-schweiz\/de\/tickets\/schweizer-sommer-thermenpass-2059076\">Sommer thermenpass\u00a0 jetzt kaufen<\/a><\/p>\t\t\t\t\t\t\t\t<\/div>\n\t\t\t\t<\/div>\n\t\t\t\t\t<\/div>\n\t\t<\/div>\n\t\t\t\t\t<\/div>\n\t\t<\/section>\n\t\t\t\t<section class=\"elementor-section elementor-top-section elementor-element elementor-element-9b51a7a elementor-section-full_width elementor-section-height-default elementor-section-height-default\" data-id=\"9b51a7a\" data-element_type=\"section\" data-e-type=\"section\">\n\t\t\t\t\t\t<div class=\"elementor-container elementor-column-gap-default\">\n\t\t\t\t\t<div class=\"elementor-column elementor-col-100 elementor-top-column elementor-element elementor-element-7038486\" data-id=\"7038486\" data-element_type=\"column\" data-e-type=\"column\">\n\t\t\t<div class=\"elementor-widget-wrap\">\n\t\t\t\t\t\t\t<\/div>\n\t\t<\/div>\n\t\t\t\t\t<\/div>\n\t\t<\/section>\n\t\t\t\t<section class=\"elementor-section elementor-top-section elementor-element elementor-element-d056fde elementor-section-full_width elementor-section-height-default elementor-section-height-default\" data-id=\"d056fde\" data-element_type=\"section\" data-e-type=\"section\">\n\t\t\t\t\t\t<div class=\"elementor-container elementor-column-gap-default\">\n\t\t\t\t\t<div class=\"elementor-column elementor-col-100 elementor-top-column elementor-element elementor-element-f63947b\" data-id=\"f63947b\" data-element_type=\"column\" data-e-type=\"column\">\n\t\t\t<div class=\"elementor-widget-wrap elementor-element-populated\">\n\t\t\t\t\t\t<div class=\"elementor-element elementor-element-7a6286b elementor-widget elementor-widget-text-editor\" data-id=\"7a6286b\" data-element_type=\"widget\" data-e-type=\"widget\" data-widget_type=\"text-editor.default\">\n\t\t\t\t<div class=\"elementor-widget-container\">\n\t\t\t\t\t\t\t\t\t<h3><b>Entspannung mit den heilenden Kr\u00e4ften von Mineral- und Thermalwasser<\/b><\/h3><p><b>\u00a0<\/b><\/p><p>Die heilende Wirkung von Thermal- und Mineralwasser ist seit Jahrtausenden bekannt. Denn Thermal- und Mineralquellen sowie Natursole sind Gesundheitsoasen f\u00fcr nachhaltiges Entspannen, Geniessen und Gesunden. Darum hat auch in der Schweiz das Baden eine lange Tradition, was eine grosse Vielfalt an B\u00e4dern in verschiedensten Regionen belegen.<\/p><p>In den Thermal- und Mineralb\u00e4dern der Schweiz l\u00e4sst es sich wunderbar eintauchen und abschalten. Das passende Bad &#8211; egal ob traditionell oder modern \u2013 finden Sie jetzt auf einfachste Weise mit unserem neuen Sommer-Thermenpass. Und weil regelm\u00e4ssiges Baden guttut und die Auswahl an B\u00e4dern gross ist, bietet Ihnen der Thermenpass von Juni bis September 2022 mehrfache Eintritte in verschiedene B\u00e4der. So k\u00f6nnen Sie ohne Zeitdruck herausfinden, welches Bad und welches Angebot Ihnen die beste Erholung, die wirksamste Entspannung und den gr\u00f6ssten Genuss bietet! Wir w\u00fcnschen viel Spass und gute Erholung.<\/p>\t\t\t\t\t\t\t\t<\/div>\n\t\t\t\t<\/div>\n\t\t\t\t<div class=\"elementor-element elementor-element-5010f37 elementor-widget__width-inherit elementor-widget elementor-widget-image\" data-id=\"5010f37\" data-element_type=\"widget\" data-e-type=\"widget\" data-widget_type=\"image.default\">\n\t\t\t\t<div class=\"elementor-widget-container\">\n\t\t\t\t\t\t\t\t\t\t\t\t\t\t\t<img decoding=\"async\" src=\"https:\/\/www.kuren.ch\/wp-content\/uploads\/2022\/05\/HKS_Grafik_Sommerthermen_FR-scaled-min.jpg\" title=\"\" alt=\"\" loading=\"lazy\" \/>\t\t\t\t\t\t\t\t\t\t\t\t\t\t\t<\/div>\n\t\t\t\t<\/div>\n\t\t\t\t\t<\/div>\n\t\t<\/div>\n\t\t\t\t\t<\/div>\n\t\t<\/section>\n\t\t\t\t<\/div>\n\t\t","protected":false},"excerpt":{"rendered":"<p>Tun Sie Ihrer Seele und Ihrem K\u00f6rper diesen Sommer etwas Gutes. Geniessen Sie die wohltuende und heilende Wirkung des Wassers unserer sch\u00f6nen Schweizer Thermal- und Mineralb\u00e4der. Der neue Sommer-Thermenpass bietet Ihnen einfach und unkompliziert Entspannung pur! \u00a0 Besonders in den Sommermonaten sind die Thermen nicht voll belegt. Sie als Besucherin oder Besucher haben mehr Platz [&hellip;]<\/p>\n","protected":false},"author":43,"featured_media":0,"parent":10876,"menu_order":0,"comment_status":"closed","ping_status":"closed","template":"t-service_with_introtext.php","meta":{"_acf_changed":false,"footnotes":""},"class_list":["post-14029","page","type-page","status-publish","hentry"],"acf":[],"yoast_head":"<!-- This site is optimized with the Yoast SEO plugin v27.3 - https:\/\/yoast.com\/product\/yoast-seo-wordpress\/ -->\n<title>Schweizer Sommer-Thermenpass - Heilb\u00e4der und Kurh\u00e4user Schweiz<\/title>\n<meta name=\"description\" content=\"Mit der Sommer Thermenpass lernen Sie f\u00fcr CHF 399 die Vielfalt der Thermal- und Mineralb\u00e4der in der Schweiz kennen. Viel Vergn\u00fcgen.\" \/>\n<meta name=\"robots\" content=\"index, follow, max-snippet:-1, max-image-preview:large, max-video-preview:-1\" \/>\n<link rel=\"canonical\" href=\"https:\/\/www.kuren.ch\/de\/thermen\/thermenpass\/\" \/>\n<meta property=\"og:locale\" content=\"de_DE\" \/>\n<meta property=\"og:type\" content=\"article\" \/>\n<meta property=\"og:title\" content=\"Schweizer Thermenpass\" \/>\n<meta property=\"og:description\" content=\"Mit der Sommer Thermenpass lernen Sie f\u00fcr CHF 399 die Vielfalt der Thermal- und Mineralb\u00e4der in der Schweiz kennen. Viel Vergn\u00fcgen.\" \/>\n<meta property=\"og:url\" content=\"https:\/\/www.kuren.ch\/de\/thermen\/thermenpass\/\" \/>\n<meta property=\"og:site_name\" content=\"Heilb\u00e4der und Kurh\u00e4user Schweiz\" \/>\n<meta property=\"article:publisher\" content=\"https:\/\/www.facebook.com\/KurenSchweiz\/\" \/>\n<meta property=\"article:modified_time\" content=\"2022-09-16T09:50:31+00:00\" \/>\n<meta property=\"og:image\" content=\"https:\/\/www.kuren.ch\/wp-content\/uploads\/2022\/05\/HKS.jpg\" \/>\n\t<meta property=\"og:image:width\" content=\"1740\" \/>\n\t<meta property=\"og:image:height\" content=\"1060\" \/>\n\t<meta property=\"og:image:type\" content=\"image\/jpeg\" \/>\n<meta name=\"twitter:card\" content=\"summary_large_image\" \/>\n<meta name=\"twitter:title\" content=\"Schweizer Thermenpass\" \/>\n<meta name=\"twitter:description\" content=\"Mit der Sommer Thermenpass lernen Sie f\u00fcr CHF 399 die Vielfalt der Thermal- und Mineralb\u00e4der in der Schweiz kennen. Viel Vergn\u00fcgen.\" \/>\n<meta name=\"twitter:label1\" content=\"Gesch\u00e4tzte Lesezeit\" \/>\n\t<meta name=\"twitter:data1\" content=\"3\u00a0Minuten\" \/>\n<script type=\"application\/ld+json\" class=\"yoast-schema-graph\">{\"@context\":\"https:\\\/\\\/schema.org\",\"@graph\":[{\"@type\":\"WebPage\",\"@id\":\"https:\\\/\\\/www.kuren.ch\\\/de\\\/thermen\\\/thermenpass\\\/\",\"url\":\"https:\\\/\\\/www.kuren.ch\\\/de\\\/thermen\\\/thermenpass\\\/\",\"name\":\"Schweizer Sommer-Thermenpass - Heilb\u00e4der und Kurh\u00e4user Schweiz\",\"isPartOf\":{\"@id\":\"https:\\\/\\\/www.kuren.ch\\\/de\\\/#website\"},\"primaryImageOfPage\":{\"@id\":\"https:\\\/\\\/www.kuren.ch\\\/de\\\/thermen\\\/thermenpass\\\/#primaryimage\"},\"image\":{\"@id\":\"https:\\\/\\\/www.kuren.ch\\\/de\\\/thermen\\\/thermenpass\\\/#primaryimage\"},\"thumbnailUrl\":\"https:\\\/\\\/www.kuren.ch\\\/wp-content\\\/uploads\\\/2022\\\/05\\\/HKS-768x468.jpg\",\"datePublished\":\"2022-05-05T08:49:09+00:00\",\"dateModified\":\"2022-09-16T09:50:31+00:00\",\"description\":\"Mit der Sommer Thermenpass lernen Sie f\u00fcr CHF 399 die Vielfalt der Thermal- und Mineralb\u00e4der in der Schweiz kennen. Viel Vergn\u00fcgen.\",\"breadcrumb\":{\"@id\":\"https:\\\/\\\/www.kuren.ch\\\/de\\\/thermen\\\/thermenpass\\\/#breadcrumb\"},\"inLanguage\":\"de-DE\",\"potentialAction\":[{\"@type\":\"ReadAction\",\"target\":[\"https:\\\/\\\/www.kuren.ch\\\/de\\\/thermen\\\/thermenpass\\\/\"]}]},{\"@type\":\"ImageObject\",\"inLanguage\":\"de-DE\",\"@id\":\"https:\\\/\\\/www.kuren.ch\\\/de\\\/thermen\\\/thermenpass\\\/#primaryimage\",\"url\":\"https:\\\/\\\/www.kuren.ch\\\/wp-content\\\/uploads\\\/2022\\\/05\\\/HKS-768x468.jpg\",\"contentUrl\":\"https:\\\/\\\/www.kuren.ch\\\/wp-content\\\/uploads\\\/2022\\\/05\\\/HKS-768x468.jpg\"},{\"@type\":\"BreadcrumbList\",\"@id\":\"https:\\\/\\\/www.kuren.ch\\\/de\\\/thermen\\\/thermenpass\\\/#breadcrumb\",\"itemListElement\":[{\"@type\":\"ListItem\",\"position\":1,\"name\":\"Startseite\",\"item\":\"https:\\\/\\\/www.kuren.ch\\\/de\\\/\"},{\"@type\":\"ListItem\",\"position\":2,\"name\":\"Thermen\",\"item\":\"https:\\\/\\\/www.kuren.ch\\\/de\\\/thermen\\\/\"},{\"@type\":\"ListItem\",\"position\":3,\"name\":\"Schweizer Sommer-Thermenpass\"}]},{\"@type\":\"WebSite\",\"@id\":\"https:\\\/\\\/www.kuren.ch\\\/de\\\/#website\",\"url\":\"https:\\\/\\\/www.kuren.ch\\\/de\\\/\",\"name\":\"Heilb\u00e4der und Kurh\u00e4user Schweiz\",\"description\":\"Ihre direkte Verbindung zu mehr und neuer Lebensfreude\",\"publisher\":{\"@id\":\"https:\\\/\\\/www.kuren.ch\\\/de\\\/#organization\"},\"potentialAction\":[{\"@type\":\"SearchAction\",\"target\":{\"@type\":\"EntryPoint\",\"urlTemplate\":\"https:\\\/\\\/www.kuren.ch\\\/de\\\/?s={search_term_string}\"},\"query-input\":{\"@type\":\"PropertyValueSpecification\",\"valueRequired\":true,\"valueName\":\"search_term_string\"}}],\"inLanguage\":\"de-DE\"},{\"@type\":\"Organization\",\"@id\":\"https:\\\/\\\/www.kuren.ch\\\/de\\\/#organization\",\"name\":\"Heilb\u00e4der und Kurh\u00e4user Schweiz\",\"url\":\"https:\\\/\\\/www.kuren.ch\\\/de\\\/\",\"logo\":{\"@type\":\"ImageObject\",\"inLanguage\":\"de-DE\",\"@id\":\"https:\\\/\\\/www.kuren.ch\\\/de\\\/#\\\/schema\\\/logo\\\/image\\\/\",\"url\":false,\"contentUrl\":false,\"width\":118,\"height\":147,\"caption\":\"Heilb\u00e4der und Kurh\u00e4user Schweiz\"},\"image\":{\"@id\":\"https:\\\/\\\/www.kuren.ch\\\/de\\\/#\\\/schema\\\/logo\\\/image\\\/\"},\"sameAs\":[\"https:\\\/\\\/www.facebook.com\\\/KurenSchweiz\\\/\",\"https:\\\/\\\/www.instagram.com\\\/heilbaeder_kurhaeuser\\\/\"]}]}<\/script>\n<!-- \/ Yoast SEO plugin. -->","yoast_head_json":{"title":"Schweizer Sommer-Thermenpass - Heilb\u00e4der und Kurh\u00e4user Schweiz","description":"Mit der Sommer Thermenpass lernen Sie f\u00fcr CHF 399 die Vielfalt der Thermal- und Mineralb\u00e4der in der Schweiz kennen. Viel Vergn\u00fcgen.","robots":{"index":"index","follow":"follow","max-snippet":"max-snippet:-1","max-image-preview":"max-image-preview:large","max-video-preview":"max-video-preview:-1"},"canonical":"https:\/\/www.kuren.ch\/de\/thermen\/thermenpass\/","og_locale":"de_DE","og_type":"article","og_title":"Schweizer Thermenpass","og_description":"Mit der Sommer Thermenpass lernen Sie f\u00fcr CHF 399 die Vielfalt der Thermal- und Mineralb\u00e4der in der Schweiz kennen. Viel Vergn\u00fcgen.","og_url":"https:\/\/www.kuren.ch\/de\/thermen\/thermenpass\/","og_site_name":"Heilb\u00e4der und Kurh\u00e4user Schweiz","article_publisher":"https:\/\/www.facebook.com\/KurenSchweiz\/","article_modified_time":"2022-09-16T09:50:31+00:00","og_image":[{"width":1740,"height":1060,"url":"https:\/\/www.kuren.ch\/wp-content\/uploads\/2022\/05\/HKS.jpg","type":"image\/jpeg"}],"twitter_card":"summary_large_image","twitter_title":"Schweizer Thermenpass","twitter_description":"Mit der Sommer Thermenpass lernen Sie f\u00fcr CHF 399 die Vielfalt der Thermal- und Mineralb\u00e4der in der Schweiz kennen. Viel Vergn\u00fcgen.","twitter_misc":{"Gesch\u00e4tzte Lesezeit":"3\u00a0Minuten"},"schema":{"@context":"https:\/\/schema.org","@graph":[{"@type":"WebPage","@id":"https:\/\/www.kuren.ch\/de\/thermen\/thermenpass\/","url":"https:\/\/www.kuren.ch\/de\/thermen\/thermenpass\/","name":"Schweizer Sommer-Thermenpass - Heilb\u00e4der und Kurh\u00e4user Schweiz","isPartOf":{"@id":"https:\/\/www.kuren.ch\/de\/#website"},"primaryImageOfPage":{"@id":"https:\/\/www.kuren.ch\/de\/thermen\/thermenpass\/#primaryimage"},"image":{"@id":"https:\/\/www.kuren.ch\/de\/thermen\/thermenpass\/#primaryimage"},"thumbnailUrl":"https:\/\/www.kuren.ch\/wp-content\/uploads\/2022\/05\/HKS-768x468.jpg","datePublished":"2022-05-05T08:49:09+00:00","dateModified":"2022-09-16T09:50:31+00:00","description":"Mit der Sommer Thermenpass lernen Sie f\u00fcr CHF 399 die Vielfalt der Thermal- und Mineralb\u00e4der in der Schweiz kennen. Viel Vergn\u00fcgen.","breadcrumb":{"@id":"https:\/\/www.kuren.ch\/de\/thermen\/thermenpass\/#breadcrumb"},"inLanguage":"de-DE","potentialAction":[{"@type":"ReadAction","target":["https:\/\/www.kuren.ch\/de\/thermen\/thermenpass\/"]}]},{"@type":"ImageObject","inLanguage":"de-DE","@id":"https:\/\/www.kuren.ch\/de\/thermen\/thermenpass\/#primaryimage","url":"https:\/\/www.kuren.ch\/wp-content\/uploads\/2022\/05\/HKS-768x468.jpg","contentUrl":"https:\/\/www.kuren.ch\/wp-content\/uploads\/2022\/05\/HKS-768x468.jpg"},{"@type":"BreadcrumbList","@id":"https:\/\/www.kuren.ch\/de\/thermen\/thermenpass\/#breadcrumb","itemListElement":[{"@type":"ListItem","position":1,"name":"Startseite","item":"https:\/\/www.kuren.ch\/de\/"},{"@type":"ListItem","position":2,"name":"Thermen","item":"https:\/\/www.kuren.ch\/de\/thermen\/"},{"@type":"ListItem","position":3,"name":"Schweizer Sommer-Thermenpass"}]},{"@type":"WebSite","@id":"https:\/\/www.kuren.ch\/de\/#website","url":"https:\/\/www.kuren.ch\/de\/","name":"Heilb\u00e4der und Kurh\u00e4user Schweiz","description":"Ihre direkte Verbindung zu mehr und neuer Lebensfreude","publisher":{"@id":"https:\/\/www.kuren.ch\/de\/#organization"},"potentialAction":[{"@type":"SearchAction","target":{"@type":"EntryPoint","urlTemplate":"https:\/\/www.kuren.ch\/de\/?s={search_term_string}"},"query-input":{"@type":"PropertyValueSpecification","valueRequired":true,"valueName":"search_term_string"}}],"inLanguage":"de-DE"},{"@type":"Organization","@id":"https:\/\/www.kuren.ch\/de\/#organization","name":"Heilb\u00e4der und Kurh\u00e4user Schweiz","url":"https:\/\/www.kuren.ch\/de\/","logo":{"@type":"ImageObject","inLanguage":"de-DE","@id":"https:\/\/www.kuren.ch\/de\/#\/schema\/logo\/image\/","url":false,"contentUrl":false,"width":118,"height":147,"caption":"Heilb\u00e4der und Kurh\u00e4user Schweiz"},"image":{"@id":"https:\/\/www.kuren.ch\/de\/#\/schema\/logo\/image\/"},"sameAs":["https:\/\/www.facebook.com\/KurenSchweiz\/","https:\/\/www.instagram.com\/heilbaeder_kurhaeuser\/"]}]}},"_links":{"self":[{"href":"https:\/\/www.kuren.ch\/de\/wp-json\/wp\/v2\/pages\/14029\/"}],"collection":[{"href":"https:\/\/www.kuren.ch\/de\/wp-json\/wp\/v2\/pages\/"}],"about":[{"href":"https:\/\/www.kuren.ch\/de\/wp-json\/wp\/v2\/types\/page\/"}],"author":[{"embeddable":true,"href":"https:\/\/www.kuren.ch\/de\/wp-json\/wp\/v2\/users\/43\/"}],"replies":[{"embeddable":true,"href":"https:\/\/www.kuren.ch\/de\/wp-json\/wp\/v2\/comments\/?post=14029"}],"version-history":[{"count":173,"href":"https:\/\/www.kuren.ch\/de\/wp-json\/wp\/v2\/pages\/14029\/revisions\/"}],"predecessor-version":[{"id":15859,"href":"https:\/\/www.kuren.ch\/de\/wp-json\/wp\/v2\/pages\/14029\/revisions\/15859\/"}],"up":[{"embeddable":true,"href":"https:\/\/www.kuren.ch\/de\/wp-json\/wp\/v2\/pages\/10876\/"}],"wp:attachment":[{"href":"https:\/\/www.kuren.ch\/de\/wp-json\/wp\/v2\/media\/?parent=14029"}],"curies":[{"name":"wp","href":"https:\/\/api.w.org\/{rel}","templated":true}]}}